{"version":"1.0","provider_name":"Le Fil de Mathilde","provider_url":"https:\/\/lefildemathilde.fr","author_name":"Claire Brisard","author_url":"https:\/\/lefildemathilde.fr\/index.php\/author\/fildemathilde\/","title":"M\u00e9di\u00e9vales de Grestain - Le Fil de Mathilde","type":"rich","width":600,"height":338,"html":"<blockquote class=\"wp-embedded-content\" data-secret=\"eaJH4b6rwa\"><a href=\"https:\/\/lefildemathilde.fr\/index.php\/event\/medievales-de-grestain\/\">M\u00e9di\u00e9vales de Grestain<\/a><\/blockquote><iframe sandbox=\"allow-scripts\" security=\"restricted\" src=\"https:\/\/lefildemathilde.fr\/index.php\/event\/medievales-de-grestain\/embed\/#?secret=eaJH4b6rwa\" width=\"600\" height=\"338\" title=\"\u00ab\u00a0M\u00e9di\u00e9vales de Grestain\u00a0\u00bb &#8212; Le Fil de Mathilde\" data-secret=\"eaJH4b6rwa\" frameborder=\"0\" marginwidth=\"0\" marginheight=\"0\" scrolling=\"no\" class=\"wp-embedded-content\"><\/iframe><script type=\"text\/javascript\">\n\/* <![CDATA[ *\/\n\/*! This file is auto-generated *\/\n!function(d,l){\"use strict\";l.querySelector&&d.addEventListener&&\"undefined\"!=typeof URL&&(d.wp=d.wp||{},d.wp.receiveEmbedMessage||(d.wp.receiveEmbedMessage=function(e){var t=e.data;if((t||t.secret||t.message||t.value)&&!\/[^a-zA-Z0-9]\/.test(t.secret)){for(var s,r,n,a=l.querySelectorAll('iframe[data-secret=\"'+t.secret+'\"]'),o=l.querySelectorAll('blockquote[data-secret=\"'+t.secret+'\"]'),c=new RegExp(\"^https?:$\",\"i\"),i=0;i<o.length;i++)o[i].style.display=\"none\";for(i=0;i<a.length;i++)s=a[i],e.source===s.contentWindow&&(s.removeAttribute(\"style\"),\"height\"===t.message?(1e3<(r=parseInt(t.value,10))?r=1e3:~~r<200&&(r=200),s.height=r):\"link\"===t.message&&(r=new URL(s.getAttribute(\"src\")),n=new URL(t.value),c.test(n.protocol))&&n.host===r.host&&l.activeElement===s&&(d.top.location.href=t.value))}},d.addEventListener(\"message\",d.wp.receiveEmbedMessage,!1),l.addEventListener(\"DOMContentLoaded\",function(){for(var e,t,s=l.querySelectorAll(\"iframe.wp-embedded-content\"),r=0;r<s.length;r++)(t=(e=s[r]).getAttribute(\"data-secret\"))||(t=Math.random().toString(36).substring(2,12),e.src+=\"#?secret=\"+t,e.setAttribute(\"data-secret\",t)),e.contentWindow.postMessage({message:\"ready\",secret:t},\"*\")},!1)))}(window,document);\n\/\/# sourceURL=https:\/\/lefildemathilde.fr\/wp-includes\/js\/wp-embed.min.js\n\/* ]]> *\/\n<\/script>\n","thumbnail_url":"https:\/\/lefildemathilde.fr\/wp-content\/uploads\/2026\/03\/les-medievales-de-grestain-55-e1718272817524-530x0-1.webp","thumbnail_width":530,"thumbnail_height":353,"description":"Plongez dans l\u2019\u00e9poque m\u00e9di\u00e9vale \u00e0 l\u2019Abbaye de Grestain. Les 15 et 16 ao\u00fbt 2026, vivez un v\u00e9ritable voyage dans le temps au c\u0153ur du site historique de l\u2019Abbaye de Grestain, entre reconstitutions, d\u00e9couvertes artisanales, musiques anciennes et gastronomie d\u2019inspiration m\u00e9di\u00e9vale. Retrouvez Le Fil de Mathilde"}