{"id":161,"date":"2025-05-15T09:05:46","date_gmt":"2025-05-15T09:05:46","guid":{"rendered":"https:\/\/lefildemathilde.fr\/?page_id=161"},"modified":"2025-11-26T18:07:58","modified_gmt":"2025-11-26T18:07:58","slug":"a-propos","status":"publish","type":"page","link":"https:\/\/lefildemathilde.fr\/index.php\/a-propos\/","title":{"rendered":"A propos"},"content":{"rendered":"<p>[et_pb_section fb_built=\u00a0\u00bb1&Prime; fullwidth=\u00a0\u00bbon\u00a0\u00bb _builder_version=\u00a0\u00bb4.27.4&Prime; _module_preset=\u00a0\u00bbdefault\u00a0\u00bb global_colors_info=\u00a0\u00bb{}\u00a0\u00bb][et_pb_fullwidth_image src=\u00a0\u00bbhttps:\/\/lefildemathilde.fr\/wp-content\/uploads\/2025\/09\/Broderie-fil-de-mathilde-Degrade-1.jpg\u00a0\u00bb alt=\u00a0\u00bbPoint de Bayeux Kits de Broderie\u00a0\u00bb title_text=\u00a0\u00bbBroderie-fil-de-mathilde+-D\u00e9grad\u00e9\u00a0\u00bb _builder_version=\u00a0\u00bb4.27.4&Prime; _module_preset=\u00a0\u00bbdefault\u00a0\u00bb global_colors_info=\u00a0\u00bb{}\u00a0\u00bb][\/et_pb_fullwidth_image][\/et_pb_section][et_pb_section fb_built=\u00a0\u00bb1&Prime; _builder_version=\u00a0\u00bb4.27.4&Prime; _module_preset=\u00a0\u00bbdefault\u00a0\u00bb min_height=\u00a0\u00bb992.9px\u00a0\u00bb global_colors_info=\u00a0\u00bb{}\u00a0\u00bb][et_pb_row column_structure=\u00a0\u00bb2_5,3_5&Prime; _builder_version=\u00a0\u00bb4.27.4&Prime; _module_preset=\u00a0\u00bbdefault\u00a0\u00bb global_colors_info=\u00a0\u00bb{}\u00a0\u00bb][et_pb_column type=\u00a0\u00bb2_5&Prime; _builder_version=\u00a0\u00bb4.27.4&Prime; _module_preset=\u00a0\u00bbdefault\u00a0\u00bb global_colors_info=\u00a0\u00bb{}\u00a0\u00bb][et_pb_image src=\u00a0\u00bbhttps:\/\/lefildemathilde.fr\/wp-content\/uploads\/2025\/09\/Claire-Brisard-Le-fil-de-Mathilde.jpg\u00a0\u00bb alt=\u00a0\u00bbClaire Brisard Le fil de Mathilde\u00a0\u00bb title_text=\u00a0\u00bbClaire-Brisard-Le-fil-de-Mathilde\u00a0\u00bb _builder_version=\u00a0\u00bb4.27.4&Prime; _module_preset=\u00a0\u00bbdefault\u00a0\u00bb border_radii=\u00a0\u00bbon|10px|10px|10px|10px\u00a0\u00bb box_shadow_style=\u00a0\u00bbpreset2&Prime; global_colors_info=\u00a0\u00bb{}\u00a0\u00bb][\/et_pb_image][et_pb_image src=\u00a0\u00bbhttps:\/\/lefildemathilde.fr\/wp-content\/uploads\/2025\/05\/Claire-brisard-cours-de-broderie.jpeg\u00a0\u00bb alt=\u00a0\u00bbCours de broderie en Normandie\u00a0\u00bb title_text=\u00a0\u00bbClaire-brisard-cours-de-broderie\u00a0\u00bb _builder_version=\u00a0\u00bb4.27.4&Prime; _module_preset=\u00a0\u00bbdefault\u00a0\u00bb border_radii=\u00a0\u00bbon|10px|10px|10px|10px\u00a0\u00bb box_shadow_style=\u00a0\u00bbpreset2&Prime; global_colors_info=\u00a0\u00bb{}\u00a0\u00bb][\/et_pb_image][\/et_pb_column][et_pb_column type=\u00a0\u00bb3_5&Prime; _builder_version=\u00a0\u00bb4.27.4&Prime; _module_preset=\u00a0\u00bbdefault\u00a0\u00bb global_colors_info=\u00a0\u00bb{}\u00a0\u00bb][et_pb_text _builder_version=\u00a0\u00bb4.27.4&Prime; _module_preset=\u00a0\u00bbdefault\u00a0\u00bb global_colors_info=\u00a0\u00bb{}\u00a0\u00bb]<\/p>\n<h1 style=\"text-align: left;\"><span style=\"color: #006f87;\">Une h\u00e9riti\u00e8re de l&rsquo;art textile, <\/span><br \/><span style=\"color: #006f87;\"><span style=\"color: #b44f00;\">passionn\u00e9e<\/span> et <span style=\"color: #b44f00;\">cr\u00e9ative<\/span><\/span><\/h1>\n<p>&nbsp;<\/p>\n<p>&nbsp;<\/p>\n<p style=\"text-align: left;\"><span style=\"font-size: medium; color: #666666;\">Issue d\u2019une lign\u00e9e de tisserands depuis six g\u00e9n\u00e9rations, Claire Brisard incarne \u00e0 la fois la m\u00e9moire et le renouveau d\u2019un savoir-faire ancestral. Dans sa famille, l\u2019art textile n\u2019est pas qu\u2019un m\u00e9tier : c\u2019est une tradition vivante, un h\u00e9ritage transmis de main en main, de fil en fil.<\/span><\/p>\n<p style=\"text-align: left;\"><span style=\"font-size: medium;\">D\u00e8s son plus jeune \u00e2ge, Claire est tomb\u00e9e sous le charme des gestes pr\u00e9cis et patients de la couture. Elle a grandi au rythme des machines \u00e0 coudre, des tissus color\u00e9s et des conversations sur les techniques de tissage et de broderie. Ce lien visc\u00e9ral avec le textile s\u2019est naturellement impos\u00e9 comme une \u00e9vidence dans sa vie.<\/span><\/p>\n<p style=\"text-align: left;\"><span style=\"font-size: medium;\">Au fil de son parcours, Claire a eu un v\u00e9ritable coup de c\u0153ur pour la tapisserie de Bayeux, chef-d\u2019\u0153uvre mill\u00e9naire de l\u2019art narratif brod\u00e9. Fascin\u00e9e par cette \u0153uvre embl\u00e9matique et sa technique si particuli\u00e8re, elle a choisi de se sp\u00e9cialiser dans le point de Bayeux, une m\u00e9thode de broderie vieille de plus de 1000 ans.<\/span><\/p>\n<p style=\"text-align: left;\"><span style=\"font-size: medium;\">Aujourd\u2019hui, elle met sa passion au service de la cr\u00e9ativit\u00e9 de chacun\u00b7e en proposant des kits de broderie modernes et accessibles, enti\u00e8rement con\u00e7us autour de ce point historique. Pens\u00e9s pour les d\u00e9butants comme pour les passionn\u00e9s de broderie, ses kits permettent de d\u00e9couvrir ou red\u00e9couvrir un patrimoine exceptionnel tout en cr\u00e9ant de ses mains.<\/span><\/p>\n<p style=\"text-align: left;\"><span style=\"font-size: medium;\">\u00c0 travers son travail, Claire perp\u00e9tue l\u2019excellence de sa lign\u00e9e, tout en rendant hommage \u00e0 l\u2019histoire textile fran\u00e7aise. Broder avec elle, c\u2019est tisser un lien entre pass\u00e9 et pr\u00e9sent, tradition et expression personnelle.<\/span><\/p>\n<p>[\/et_pb_text][\/et_pb_column][\/et_pb_row][\/et_pb_section][et_pb_section fb_built=\u00a0\u00bb1&Prime; fullwidth=\u00a0\u00bbon\u00a0\u00bb _builder_version=\u00a0\u00bb4.27.4&Prime; _module_preset=\u00a0\u00bbdefault\u00a0\u00bb locked=\u00a0\u00bboff\u00a0\u00bb global_colors_info=\u00a0\u00bb{}\u00a0\u00bb][et_pb_fullwidth_code _builder_version=\u00a0\u00bb4.27.4&Prime; _module_preset=\u00a0\u00bbdefault\u00a0\u00bb min_height=\u00a0\u00bb211.4px\u00a0\u00bb global_colors_info=\u00a0\u00bb{}\u00a0\u00bb]<style id=\"bwg-style-0\">      #bwg_container1_0 #bwg_container2_0 #bwg_mosaic_thumbnails_div_0 {        width: 100%;        position: relative;        background-color: rgba(255, 255, 255, 0.00);        text-align: center;        justify-content: center;                  margin-left: auto;          margin-right: auto;                    padding-left: 2px;          padding-top: 2px;                }          #bwg_container1_0 #bwg_container2_0 .bwg_mosaic_thumb_spun_0 {        display: block;        position: absolute;\t\t\t\tborder-radius: 0;\t\t\t\tborder: 0px none #CCCCCC;    \t\t    \t\tbackground-color:rgba(0,0,0, 0.30);        -moz-box-sizing: content-box !important;        -webkit-box-sizing: content-box !important;        box-sizing: content-box !important;      }\t\t\t#bwg_container1_0 #bwg_container2_0 .bwg_mosaic_thumb_0 {\t\t\t\tdisplay: block;\t\t\t\t-moz-box-sizing: content-box !important;\t\t\t\t-webkit-box-sizing: content-box !important;\t\t\t\tbox-sizing: content-box !important;\t\t\t\tmargin: 0;\t\t\t\topacity: 1.00;\t\t\t}      #bwg_container1_0 #bwg_container2_0 .bwg_mosaic_thumb_spun_0:hover {        opacity: 1;        backface-visibility: hidden;        -webkit-backface-visibility: hidden;        -moz-backface-visibility: hidden;        -ms-backface-visibility: hidden;        z-index: 102;      }\t     @media only screen and (min-width: 480px) {\t\t#bwg_container1_0 #bwg_container2_0 .bwg-container-0.bwg-mosaic-thumbnails .bwg-item0 img {\t\t\t-webkit-transition: -webkit-transform .3s; transition: transform .3s;\t\t}\t\t#bwg_container1_0 #bwg_container2_0 .bwg-container-0.bwg-mosaic-thumbnails .bwg-item0 img:hover {\t\t\t-ms-transform: scale(1.08);\t\t\t-webkit-transform: scale(1.08);\t\t\ttransform: scale(1.08);\t\t}\t\t      }\t      #bwg_container1_0 #bwg_container2_0 .bwg_mosaic_thumbnails_0 {        background-color: rgba(255, 255, 255, 0.00);        font-size: 0;        position: relative;        text-align: center;        display: inline-block;        visibility: hidden;              }\t  \/*image title styles*\/      #bwg_container1_0 #bwg_container2_0 .bwg_mosaic_title_spun1_0,      #bwg_container1_0 #bwg_container2_0 .bwg-mosaic-thumbnails .bwg_ecommerce_spun1_0 {        position: absolute;        display: block;        opacity: 0;        box-sizing: border-box;        text-align: center;\t\t\t\ttop: 50%;\t\t\t\tleft: 50%;\t\t\t\ttransform: translate(-50%, -50%);      }      #bwg_container1_0 #bwg_container2_0 .bwg-mosaic-thumbnails .bwg_mosaic_title_spun2_0,      #bwg_container1_0 #bwg_container2_0 .bwg-mosaic-thumbnails .bwg_ecommerce_spun2_0 {\t\t    color: #323A45;        font-family: Ubuntu;        font-size: 16px;        font-weight: bold;        text-shadow: ;        vertical-align: middle;        word-wrap: break-word;      }            .bwg_mosaic_play_icon_spun_0 {        display: table;        position: absolute;        left: -10000px;        top: 0px;        opacity: 0;      }      .bwg_mosaic_play_icon_0 {        color: #323A45;        font-size: 32px;        vertical-align: middle;        display: table-cell !important;        z-index: 1;        text-align: center;        margin: 0 auto;      }      #bwg_container1_0 #bwg_container2_0 .bwg_gal_title_0 {        background-color: rgba(0, 0, 0, 0);        color: #323A45;        display: block;        font-family: Ubuntu;        font-size: 16px;        font-weight: bold;        padding: 2px;        text-shadow: ;        text-align: center;      }            @media screen and (max-width: 350px) {      div[class^=\"bwg_mosaic_thumbnails_\"],      span[class^=\"bwg_mosaic_thumb_spun_\"] {      width: 100% !important;      }      img[class^=\"bwg_mosaic_thumb_\"] {      width: 100% !important;      height: auto !important;      margin: 0px auto !important;      }      }      <\/style>    <div id=\"bwg_container1_0\"         class=\"bwg_container bwg_thumbnail bwg_thumbnails_mosaic \"         data-right-click-protection=\"0\"         data-bwg=\"0\"         data-scroll=\"0\"         data-gallery-type=\"thumbnails_mosaic\"         data-gallery-view-type=\"thumbnails_mosaic\"         data-current-url=\"\/index.php\/wp-json\/wp\/v2\/pages\/161\"         data-lightbox-url=\"https:\/\/lefildemathilde.fr\/wp-admin\/admin-ajax.php?action=GalleryBox&#038;current_view=0&#038;gallery_id=3&#038;tag=0&#038;theme_id=1&#038;shortcode_id=11&#038;sort_by=order&#038;order_by=asc&#038;current_url=%2Findex.php%2Fwp-json%2Fwp%2Fv2%2Fpages%2F161\"         data-gallery-id=\"3\"         data-popup-width=\"800\"         data-popup-height=\"500\"         data-is-album=\"gallery\"         data-buttons-position=\"bottom\">      <div id=\"bwg_container2_0\">             <div id=\"ajax_loading_0\" class=\"bwg_loading_div_1\">      <div class=\"bwg_loading_div_2\">        <div class=\"bwg_loading_div_3\">          <div id=\"loading_div_0\" class=\"bwg_spider_ajax_loading\">          <\/div>        <\/div>      <\/div>    <\/div>            <form id=\"gal_front_form_0\"              class=\"bwg-hidden\"              method=\"post\"              action=\"#\"              data-current=\"0\"              data-shortcode-id=\"11\"              data-gallery-type=\"thumbnails_mosaic\"              data-gallery-id=\"3\"              data-tag=\"0\"              data-album-id=\"0\"              data-theme-id=\"1\"              data-ajax-url=\"https:\/\/lefildemathilde.fr\/wp-admin\/admin-ajax.php?action=bwg_frontend_data\">          <div id=\"bwg_container3_0\" class=\"bwg-background bwg-background-0\">                <div id=\"bwg_mosaic_thumbnails_div_0\"         class=\"bwg-container-0 bwg-container bwg-mosaic-thumbnails\"         data-bwg=\"0\"         data-mosaic-direction=\"vertical\"         data-resizable=\"0\"         data-width=\"250\"         data-height=\"250\"         data-total-width=\"100\"         data-block-id=\"bwg_thumbnails_mosaic_0\"         data-thumb-padding=\"2\"         data-thumb-border=\"0\"         data-title-margin=\"2px\"         data-image-title=\"none\"         data-play-icon=\"1\"         data-ecommerce-icon=\"none\"         data-gallery-id=\"3\"         data-lightbox-url=\"https:\/\/lefildemathilde.fr\/wp-admin\/admin-ajax.php?action=GalleryBox&#038;current_view=0&#038;gallery_id=3&#038;tag=0&#038;theme_id=1&#038;shortcode_id=11&#038;sort_by=order&#038;order_by=asc&#038;current_url=%2Findex.php%2Fwp-json%2Fwp%2Fv2%2Fpages%2F161\"         data-mosaic-thumb-transition=\"1\"         style=\"visibility: hidden\" >      <div id=\"bwg_thumbnails_mosaic_0\" class=\"bwg_mosaic_thumbnails_0\">                  <a  class=\"bwg-a bwg_lightbox bwg_lightbox_0\" href=\"https:\/\/lefildemathilde.fr\/wp-content\/uploads\/photo-gallery\/Stand-Le-fil-de-mathilde-reconstitution-historique-.jpg?bwg=1757698829\" data-image-id=\"18\" data-elementor-open-lightbox=\"no\">          <div class=\"bwg_mosaic_thumb_spun_0 bwg-item0 bwg-mosaic-thumb-span \">            <img decoding=\"async\" class=\"bwg_mosaic_thumb_0 skip-lazy bwg_img_clear bwg_img_custom \"                 id=\"18\"                 src=\"https:\/\/lefildemathilde.fr\/wp-content\/uploads\/photo-gallery\/thumb\/Stand-Le-fil-de-mathilde-reconstitution-historique-.jpg?bwg=1757698829\"                 data-src=\"https:\/\/lefildemathilde.fr\/wp-content\/uploads\/photo-gallery\/thumb\/Stand-Le-fil-de-mathilde-reconstitution-historique-.jpg?bwg=1757698829\"                 data-width=\"500.00\"                 data-height=\"333.00\"                 alt=\"Stand-Le-fil-de-mathilde-reconstitution-historique-\"                 title=\"Stand-Le-fil-de-mathilde-reconstitution-historique-\" \/>                      <\/div>        <\/a>                <a  class=\"bwg-a bwg_lightbox bwg_lightbox_0\" href=\"https:\/\/lefildemathilde.fr\/wp-content\/uploads\/photo-gallery\/Stand-le-fil-de-matihilde-Saint-Wandrille.jpg?bwg=1757698829\" data-image-id=\"19\" data-elementor-open-lightbox=\"no\">          <div class=\"bwg_mosaic_thumb_spun_0 bwg-item0 bwg-mosaic-thumb-span \">            <img decoding=\"async\" class=\"bwg_mosaic_thumb_0 skip-lazy bwg_img_clear bwg_img_custom \"                 id=\"19\"                 src=\"https:\/\/lefildemathilde.fr\/wp-content\/uploads\/photo-gallery\/thumb\/Stand-le-fil-de-matihilde-Saint-Wandrille.jpg?bwg=1757698829\"                 data-src=\"https:\/\/lefildemathilde.fr\/wp-content\/uploads\/photo-gallery\/thumb\/Stand-le-fil-de-matihilde-Saint-Wandrille.jpg?bwg=1757698829\"                 data-width=\"500.00\"                 data-height=\"375.00\"                 alt=\"Stand-le-fil-de-matihilde-Saint-Wandrille\"                 title=\"Stand-le-fil-de-matihilde-Saint-Wandrille\" \/>                      <\/div>        <\/a>                <a  class=\"bwg-a bwg_lightbox bwg_lightbox_0\" href=\"https:\/\/lefildemathilde.fr\/wp-content\/uploads\/photo-gallery\/Reconstitution-La-Mora-1.jpg?bwg=1757698829\" data-image-id=\"20\" data-elementor-open-lightbox=\"no\">          <div class=\"bwg_mosaic_thumb_spun_0 bwg-item0 bwg-mosaic-thumb-span \">            <img decoding=\"async\" class=\"bwg_mosaic_thumb_0 skip-lazy bwg_img_clear bwg_img_custom \"                 id=\"20\"                 src=\"https:\/\/lefildemathilde.fr\/wp-content\/uploads\/photo-gallery\/thumb\/Reconstitution-La-Mora-1.jpg?bwg=1757698829\"                 data-src=\"https:\/\/lefildemathilde.fr\/wp-content\/uploads\/photo-gallery\/thumb\/Reconstitution-La-Mora-1.jpg?bwg=1757698829\"                 data-width=\"375.00\"                 data-height=\"500.00\"                 alt=\"Reconstitution-La-Mora-1\"                 title=\"Reconstitution-La-Mora-1\" \/>                      <\/div>        <\/a>                <a  class=\"bwg-a bwg_lightbox bwg_lightbox_0\" href=\"https:\/\/lefildemathilde.fr\/wp-content\/uploads\/photo-gallery\/Reconstitution-abbaye-de-Grestain.jpg?bwg=1757698829\" data-image-id=\"21\" data-elementor-open-lightbox=\"no\">          <div class=\"bwg_mosaic_thumb_spun_0 bwg-item0 bwg-mosaic-thumb-span \">            <img decoding=\"async\" class=\"bwg_mosaic_thumb_0 skip-lazy bwg_img_clear bwg_img_custom \"                 id=\"21\"                 src=\"https:\/\/lefildemathilde.fr\/wp-content\/uploads\/photo-gallery\/thumb\/Reconstitution-abbaye-de-Grestain.jpg?bwg=1757698829\"                 data-src=\"https:\/\/lefildemathilde.fr\/wp-content\/uploads\/photo-gallery\/thumb\/Reconstitution-abbaye-de-Grestain.jpg?bwg=1757698829\"                 data-width=\"500.00\"                 data-height=\"375.00\"                 alt=\"Reconstitution-abbaye-de-Grestain\"                 title=\"Reconstitution-abbaye-de-Grestain\" \/>                      <\/div>        <\/a>                <a  class=\"bwg-a bwg_lightbox bwg_lightbox_0\" href=\"https:\/\/lefildemathilde.fr\/wp-content\/uploads\/photo-gallery\/poup-reconstitution-la-mora-.jpg?bwg=1757698829\" data-image-id=\"22\" data-elementor-open-lightbox=\"no\">          <div class=\"bwg_mosaic_thumb_spun_0 bwg-item0 bwg-mosaic-thumb-span \">            <img decoding=\"async\" class=\"bwg_mosaic_thumb_0 skip-lazy bwg_img_clear bwg_img_custom \"                 id=\"22\"                 src=\"https:\/\/lefildemathilde.fr\/wp-content\/uploads\/photo-gallery\/thumb\/poup-reconstitution-la-mora-.jpg?bwg=1757698829\"                 data-src=\"https:\/\/lefildemathilde.fr\/wp-content\/uploads\/photo-gallery\/thumb\/poup-reconstitution-la-mora-.jpg?bwg=1757698829\"                 data-width=\"500.00\"                 data-height=\"306.00\"                 alt=\"poup-reconstitution-la-mora-\"                 title=\"poup-reconstitution-la-mora-\" \/>                      <\/div>        <\/a>                <a  class=\"bwg-a bwg_lightbox bwg_lightbox_0\" href=\"https:\/\/lefildemathilde.fr\/wp-content\/uploads\/photo-gallery\/Atelier-reconstitution-.jpg?bwg=1757698829\" data-image-id=\"23\" data-elementor-open-lightbox=\"no\">          <div class=\"bwg_mosaic_thumb_spun_0 bwg-item0 bwg-mosaic-thumb-span \">            <img decoding=\"async\" class=\"bwg_mosaic_thumb_0 skip-lazy bwg_img_clear bwg_img_custom \"                 id=\"23\"                 src=\"https:\/\/lefildemathilde.fr\/wp-content\/uploads\/photo-gallery\/thumb\/Atelier-reconstitution-.jpg?bwg=1757698829\"                 data-src=\"https:\/\/lefildemathilde.fr\/wp-content\/uploads\/photo-gallery\/thumb\/Atelier-reconstitution-.jpg?bwg=1757698829\"                 data-width=\"375.00\"                 data-height=\"500.00\"                 alt=\"Atelier-reconstitution-\"                 title=\"Atelier-reconstitution-\" \/>                      <\/div>        <\/a>            <\/div>    <\/div>    <style>      \/*pagination styles*\/      #bwg_container1_0 #bwg_container2_0 .tablenav-pages_0 {\t\t\t\ttext-align: center;\t\t\t\tfont-size: 12px;\t\t\t\tfont-family: Ubuntu;\t\t\t\tfont-weight: bold;\t\t\t\tcolor: #666666;\t\t\t\tmargin: 6px 0 4px;\t\t\t\tdisplay: block;      }      @media only screen and (max-width : 320px) {      #bwg_container1_0 #bwg_container2_0 .displaying-num_0 {     \t display: none;      }      }      #bwg_container1_0 #bwg_container2_0 .displaying-num_0 {\t\t\t\tfont-size: 12px;\t\t\t\tfont-family: Ubuntu;\t\t\t\tfont-weight: bold;\t\t\t\tcolor: #666666;\t\t\t\tmargin-right: 10px;\t\t\t\tvertical-align: middle;      }      #bwg_container1_0 #bwg_container2_0 .paging-input_0 {\t\t\t\tfont-size: 12px;\t\t\t\tfont-family: Ubuntu;\t\t\t\tfont-weight: bold;\t\t\t\tcolor: #666666;\t\t\t\tvertical-align: middle;      }      #bwg_container1_0 #bwg_container2_0 .tablenav-pages_0 a.disabled,      #bwg_container1_0 #bwg_container2_0 .tablenav-pages_0 a.disabled:hover,      #bwg_container1_0 #bwg_container2_0 .tablenav-pages_0 a.disabled:focus,\t\t\t#bwg_container1_0 #bwg_container2_0 .tablenav-pages_0 input.bwg_current_page {\t\t\t\tcursor: default;\t\t\t\tcolor: rgba(102, 102, 102, 0.5);      }      #bwg_container1_0 #bwg_container2_0 .tablenav-pages_0 a,      #bwg_container1_0 #bwg_container2_0 .tablenav-pages_0 input.bwg_current_page {\t\t\t\tcursor: pointer;\t\t\t\ttext-align: center;\t\t\t\tfont-size: 12px;\t\t\t\tfont-family: Ubuntu;\t\t\t\tfont-weight: bold;\t\t\t\tcolor: #666666;\t\t\t\ttext-decoration: none;\t\t\t\tpadding: 3px 6px;\t\t\t\tmargin: 0;\t\t\t\tborder-radius: 0;\t\t\t\tborder-style: solid;\t\t\t\tborder-width: 1px;\t\t\t\tborder-color: #E3E3E3;\t\t\t\t\t\t\t\tbackground-color: rgba(255, 255, 255, 1.00);\t\t\t\tbox-shadow: 0;\t\t\t\ttransition: all 0.3s ease 0s;-webkit-transition: all 0.3s ease 0s;      }      <\/style>      <span class=\"bwg_nav_cont_0\">              <div class=\"tablenav-pages_0\">                  <\/div>                <input type=\"hidden\" id=\"page_number_0\" name=\"page_number_0\" value=\"1\" \/>      <script type=\"text\/javascript\">        if( jQuery('.bwg_nav_cont_0').length > 1 ) {          jQuery('.bwg_nav_cont_0').first().remove()        }        function spider_page_0(cur, x, y, load_more) {          if (typeof load_more == \"undefined\") {            var load_more = false;          }          if (jQuery(cur).hasClass('disabled')) {            return false;          }          var items_county_0 = 1;          switch (y) {            case 1:              if (x >= items_county_0) {                document.getElementById('page_number_0').value = items_county_0;              }              else {                document.getElementById('page_number_0').value = x + 1;              }              break;            case 2:              document.getElementById('page_number_0').value = items_county_0;              break;            case -1:              if (x == 1) {                document.getElementById('page_number_0').value = 1;              }              else {                document.getElementById('page_number_0').value = x - 1;              }              break;            case -2:              document.getElementById('page_number_0').value = 1;              break;\t\t\t\t\t\tcase 0:              document.getElementById('page_number_0').value = x;              break;            default:              document.getElementById('page_number_0').value = 1;          }          bwg_ajax('gal_front_form_0', '0', 'bwg_thumbnails_mosaic_0', '0', '', 'gallery', 0, '', '', load_more, '', 1);        }                    jQuery('.first-page-0').on('click', function () {              spider_page_0(this, 1, -2, 'numeric');              return false;            });            jQuery('.prev-page-0').on('click', function () {              spider_page_0(this, 1, -1, 'numeric');              return false;            });            jQuery('.next-page-0').on('click', function () {              spider_page_0(this, 1, 1, 'numeric');              return false;            });            jQuery('.last-page-0').on('click', function () {              spider_page_0(this, 1, 2, 'numeric');              return false;            });        \t\t\t\t\/* Change page on input enter. *\/        function bwg_change_page_0( e, that ) {          if (  e.key == 'Enter' ) {            var to_page = parseInt(jQuery(that).val());            var pages_count = jQuery(that).parents(\".pagination-links\").data(\"pages-count\");            var current_url_param = jQuery(that).attr('data-url-info');            if (to_page > pages_count) {              to_page = 1;            }\t \t\t\t\t\t\t\t\t\t\t\t\tspider_page_0(this, to_page, 0, 'numeric');\t\t\t\t\t\t\treturn false;\t\t\t\t\t\t          }          return true;        }        jQuery('.bwg_load_btn_0').on('click', function () {            spider_page_0(this, 1, 1, true);            return false;        });      <\/script>      <\/span>                <\/div>        <\/form>        <style>          #bwg_container1_0 #bwg_container2_0 #spider_popup_overlay_0 {          background-color: #EEEEEE;          opacity: 0.60;          }          <\/style>        <div id=\"bwg_spider_popup_loading_0\" class=\"bwg_spider_popup_loading\"><\/div>        <div id=\"spider_popup_overlay_0\" class=\"spider_popup_overlay\" onclick=\"spider_destroypopup(1000)\"><\/div>        <input type=\"hidden\" id=\"bwg_random_seed_0\" value=\"186637027\">                <\/div>    <\/div>    <script>      if (document.readyState === 'complete') {        if( typeof bwg_main_ready == 'function' ) {          if ( jQuery(\"#bwg_container1_0\").height() ) {            bwg_main_ready(jQuery(\"#bwg_container1_0\"));          }        }      } else {        document.addEventListener('DOMContentLoaded', function() {          if( typeof bwg_main_ready == 'function' ) {            if ( jQuery(\"#bwg_container1_0\").height() ) {             bwg_main_ready(jQuery(\"#bwg_container1_0\"));            }          }        });      }    <\/script>    [\/et_pb_fullwidth_code][\/et_pb_section][et_pb_section fb_built=\u00a0\u00bb1&Prime; admin_label=\u00a0\u00bbFooter\u00a0\u00bb _builder_version=\u00a0\u00bb4.27.4&Prime; _module_preset=\u00a0\u00bbdefault\u00a0\u00bb background_color=\u00a0\u00bbgcid-bfa7fe62-254b-41c2-9e7c-1655cf29ea48&Prime; min_height=\u00a0\u00bb382.7px\u00a0\u00bb saved_tabs=\u00a0\u00bball\u00a0\u00bb locked=\u00a0\u00bboff\u00a0\u00bb collapsed=\u00a0\u00bbon\u00a0\u00bb global_colors_info=\u00a0\u00bb{%22gcid-bfa7fe62-254b-41c2-9e7c-1655cf29ea48%22:%91%22background_color%22%93}\u00a0\u00bb][et_pb_row column_structure=\u00a0\u00bb1_5,1_5,1_5,1_5,1_5&Prime; _builder_version=\u00a0\u00bb4.27.4&Prime; _module_preset=\u00a0\u00bbdefault\u00a0\u00bb locked=\u00a0\u00bboff\u00a0\u00bb global_colors_info=\u00a0\u00bb{}\u00a0\u00bb][et_pb_column type=\u00a0\u00bb1_5&Prime; _builder_version=\u00a0\u00bb4.22.0&Prime; _module_preset=\u00a0\u00bbdefault\u00a0\u00bb global_colors_info=\u00a0\u00bb{}\u00a0\u00bb][et_pb_text _builder_version=\u00a0\u00bb4.27.4&Prime; _module_preset=\u00a0\u00bb30007d1b-33bd-470e-9304-a0132727cc64&Prime; header_5_text_color=\u00a0\u00bb#FFFFFF\u00a0\u00bb custom_margin=\u00a0\u00bb||10px||false|false\u00a0\u00bb global_colors_info=\u00a0\u00bb{}\u00a0\u00bb]<\/p>\n<h5>BOUTIQUE<\/h5>\n<p>[\/et_pb_text][et_pb_text _builder_version=\u00a0\u00bb4.27.4&Prime; _module_preset=\u00a0\u00bbef5c296e-cf9a-4127-8646-a5bd8a1ac73f\u00a0\u00bb text_text_color=\u00a0\u00bb#FFFFFF\u00a0\u00bb link_text_color=\u00a0\u00bb#FFFFFF\u00a0\u00bb custom_margin=\u00a0\u00bb||10px||false|false\u00a0\u00bb global_colors_info=\u00a0\u00bb{}\u00a0\u00bb]<\/p>\n<p><a href=\"https:\/\/lefildemathilde.fr\/index.php\/kits-tapisserie-de-bayeux\/\">Kits Tapisserie de Bayeux<\/a><\/p>\n<p>[\/et_pb_text][et_pb_text _builder_version=\u00a0\u00bb4.27.4&Prime; _module_preset=\u00a0\u00bbef5c296e-cf9a-4127-8646-a5bd8a1ac73f\u00a0\u00bb text_text_color=\u00a0\u00bb#FFFFFF\u00a0\u00bb link_text_color=\u00a0\u00bb#FFFFFF\u00a0\u00bb custom_margin=\u00a0\u00bb||10px||false|false\u00a0\u00bb global_colors_info=\u00a0\u00bb{}\u00a0\u00bb]<\/p>\n<p><a href=\"https:\/\/lefildemathilde.fr\/index.php\/kits-de-mathilde\/\">Kits de Mathilde<\/a><\/p>\n<p>[\/et_pb_text][et_pb_text _builder_version=\u00a0\u00bb4.27.4&Prime; _module_preset=\u00a0\u00bbef5c296e-cf9a-4127-8646-a5bd8a1ac73f\u00a0\u00bb text_text_color=\u00a0\u00bb#FFFFFF\u00a0\u00bb link_text_color=\u00a0\u00bb#FFFFFF\u00a0\u00bb custom_margin=\u00a0\u00bb||10px||false|false\u00a0\u00bb global_colors_info=\u00a0\u00bb{}\u00a0\u00bb]<\/p>\n<p><a href=\"https:\/\/lefildemathilde.fr\/index.php\/accessoires\/\">Accessoires<\/a><\/p>\n<p>[\/et_pb_text][\/et_pb_column][et_pb_column type=\u00a0\u00bb1_5&Prime; _builder_version=\u00a0\u00bb4.22.0&Prime; _module_preset=\u00a0\u00bbdefault\u00a0\u00bb global_colors_info=\u00a0\u00bb{}\u00a0\u00bb][et_pb_text _builder_version=\u00a0\u00bb4.27.4&Prime; _module_preset=\u00a0\u00bb30007d1b-33bd-470e-9304-a0132727cc64&Prime; header_5_text_color=\u00a0\u00bb#FFFFFF\u00a0\u00bb custom_margin=\u00a0\u00bb||10px||false|false\u00a0\u00bb locked=\u00a0\u00bboff\u00a0\u00bb global_colors_info=\u00a0\u00bb{}\u00a0\u00bb]<\/p>\n<h5>A NOTER<\/h5>\n<p>[\/et_pb_text][et_pb_text _builder_version=\u00a0\u00bb4.27.4&Prime; _module_preset=\u00a0\u00bbef5c296e-cf9a-4127-8646-a5bd8a1ac73f\u00a0\u00bb text_text_color=\u00a0\u00bb#FFFFFF\u00a0\u00bb link_text_color=\u00a0\u00bb#FFFFFF\u00a0\u00bb custom_margin=\u00a0\u00bb||10px||false|false\u00a0\u00bb locked=\u00a0\u00bboff\u00a0\u00bb global_colors_info=\u00a0\u00bb{}\u00a0\u00bb]<\/p>\n<p><a href=\"https:\/\/lefildemathilde.fr\/index.php\/stages-de-broderie-point-de-bayeux\/\">Stages de broderie<\/a><\/p>\n<p>[\/et_pb_text][et_pb_text _builder_version=\u00a0\u00bb4.27.4&Prime; _module_preset=\u00a0\u00bbef5c296e-cf9a-4127-8646-a5bd8a1ac73f\u00a0\u00bb text_text_color=\u00a0\u00bb#FFFFFF\u00a0\u00bb link_text_color=\u00a0\u00bb#FFFFFF\u00a0\u00bb custom_margin=\u00a0\u00bb||10px||false|false\u00a0\u00bb locked=\u00a0\u00bboff\u00a0\u00bb global_colors_info=\u00a0\u00bb{}\u00a0\u00bb]<\/p>\n<p><a href=\"https:\/\/lefildemathilde.fr\/index.php\/nos-prochains-rendez-vous\/\">Les rendez-vous du Fil de Mathilde<\/a><\/p>\n<p>[\/et_pb_text][\/et_pb_column][et_pb_column type=\u00a0\u00bb1_5&Prime; _builder_version=\u00a0\u00bb4.22.0&Prime; _module_preset=\u00a0\u00bbdefault\u00a0\u00bb global_colors_info=\u00a0\u00bb{}\u00a0\u00bb][et_pb_text _builder_version=\u00a0\u00bb4.27.4&Prime; _module_preset=\u00a0\u00bb30007d1b-33bd-470e-9304-a0132727cc64&Prime; header_5_text_color=\u00a0\u00bb#FFFFFF\u00a0\u00bb custom_margin=\u00a0\u00bb||10px||false|false\u00a0\u00bb locked=\u00a0\u00bboff\u00a0\u00bb global_colors_info=\u00a0\u00bb{}\u00a0\u00bb]<\/p>\n<h5>INFOS LEGALES<\/h5>\n<p>[\/et_pb_text][et_pb_text _builder_version=\u00a0\u00bb4.27.4&Prime; _module_preset=\u00a0\u00bbef5c296e-cf9a-4127-8646-a5bd8a1ac73f\u00a0\u00bb text_text_color=\u00a0\u00bb#FFFFFF\u00a0\u00bb link_text_color=\u00a0\u00bb#FFFFFF\u00a0\u00bb custom_margin=\u00a0\u00bb||10px||false|false\u00a0\u00bb locked=\u00a0\u00bboff\u00a0\u00bb global_colors_info=\u00a0\u00bb{}\u00a0\u00bb]<\/p>\n<p><a href=\"https:\/\/lefildemathilde.fr\/index.php\/a-propos\/\">Le Fil de Mathilde<\/a><\/p>\n<p>[\/et_pb_text][et_pb_text _builder_version=\u00a0\u00bb4.27.4&Prime; _module_preset=\u00a0\u00bbef5c296e-cf9a-4127-8646-a5bd8a1ac73f\u00a0\u00bb text_text_color=\u00a0\u00bb#FFFFFF\u00a0\u00bb link_text_color=\u00a0\u00bb#FFFFFF\u00a0\u00bb custom_margin=\u00a0\u00bb||10px||false|false\u00a0\u00bb locked=\u00a0\u00bboff\u00a0\u00bb global_colors_info=\u00a0\u00bb{}\u00a0\u00bb]<\/p>\n<p><a href=\"https:\/\/lefildemathilde.fr\/index.php\/mentions-legales\/\">Mentions l\u00e9gales<\/a><\/p>\n<p>[\/et_pb_text][et_pb_text _builder_version=\u00a0\u00bb4.27.4&Prime; _module_preset=\u00a0\u00bbef5c296e-cf9a-4127-8646-a5bd8a1ac73f\u00a0\u00bb text_text_color=\u00a0\u00bb#FFFFFF\u00a0\u00bb link_text_color=\u00a0\u00bb#FFFFFF\u00a0\u00bb custom_margin=\u00a0\u00bb||10px||false|false\u00a0\u00bb locked=\u00a0\u00bboff\u00a0\u00bb global_colors_info=\u00a0\u00bb{}\u00a0\u00bb]<\/p>\n<p><a href=\"https:\/\/lefildemathilde.fr\/index.php\/conditions-generales-des-ventes\/\">Conditions g\u00e9n\u00e9rales de vente<\/a><\/p>\n<p>[\/et_pb_text][\/et_pb_column][et_pb_column type=\u00a0\u00bb1_5&Prime; _builder_version=\u00a0\u00bb4.22.0&Prime; _module_preset=\u00a0\u00bbdefault\u00a0\u00bb global_colors_info=\u00a0\u00bb{}\u00a0\u00bb][et_pb_text _builder_version=\u00a0\u00bb4.27.4&Prime; _module_preset=\u00a0\u00bbdefault\u00a0\u00bb text_font=\u00a0\u00bb||||||||\u00a0\u00bb text_text_color=\u00a0\u00bb#FFFFFF\u00a0\u00bb text_font_size=\u00a0\u00bb20px\u00a0\u00bb global_colors_info=\u00a0\u00bb{}\u00a0\u00bb]<\/p>\n<p>LA BRODERIE PARTICIPATIVE<\/p>\n<p><span style=\"font-size: medium;\"><span style=\"color: #ffffff; font-size: small;\"><a href=\"https:\/\/lefildemathilde.fr\/index.php\/la-broderie-participative\/\" target=\"_blank\" rel=\"noopener\" style=\"color: #ffffff;\">Suivez l&rsquo;\u00e9volution de ce projet fou.<\/a><\/span><a href=\"https:\/\/www.instagram.com\/Le_Fil_de_Mathilde?fbclid=IwY2xjawMUFg1leHRuA2FlbQIxMAABHq_dyW-AeE_1-tHVJ9-eGs2dyNk986EN_SAAOgIBQGoRzSH0-5fPKy4G1MbW_aem_QA4q5W-n3UT1-4wp2qg8nA#\"><span style=\"color: #ffffff;\"><\/span><\/a><\/span><span style=\"font-size: medium; color: #ffffff;\"><\/span><\/p>\n<p>&nbsp;<\/p>\n<p>[\/et_pb_text][\/et_pb_column][et_pb_column type=\u00a0\u00bb1_5&Prime; _builder_version=\u00a0\u00bb4.22.0&Prime; _module_preset=\u00a0\u00bbdefault\u00a0\u00bb global_colors_info=\u00a0\u00bb{}\u00a0\u00bb][et_pb_text _builder_version=\u00a0\u00bb4.27.4&Prime; _module_preset=\u00a0\u00bb30007d1b-33bd-470e-9304-a0132727cc64&Prime; header_5_text_color=\u00a0\u00bb#FFFFFF\u00a0\u00bb custom_margin=\u00a0\u00bb||10px||false|false\u00a0\u00bb global_colors_info=\u00a0\u00bb{}\u00a0\u00bb]<\/p>\n<h5>SUIVEZ-NOUS<\/h5>\n<p>[\/et_pb_text][et_pb_text _builder_version=\u00a0\u00bb4.27.4&Prime; _module_preset=\u00a0\u00bbef5c296e-cf9a-4127-8646-a5bd8a1ac73f\u00a0\u00bb text_text_color=\u00a0\u00bb#FFFFFF\u00a0\u00bb link_text_color=\u00a0\u00bb#FFFFFF\u00a0\u00bb custom_margin=\u00a0\u00bb||10px||false|false\u00a0\u00bb global_colors_info=\u00a0\u00bb{}\u00a0\u00bb]<\/p>\n<p><a href=\"https:\/\/www.instagram.com\/le_fil_de_mathilde?igsh=MWNrMjc5anFheWUzZQ==\">Instagram<\/a><\/p>\n<p>[\/et_pb_text][et_pb_text _builder_version=\u00a0\u00bb4.27.4&Prime; _module_preset=\u00a0\u00bbef5c296e-cf9a-4127-8646-a5bd8a1ac73f\u00a0\u00bb text_text_color=\u00a0\u00bb#FFFFFF\u00a0\u00bb link_text_color=\u00a0\u00bb#FFFFFF\u00a0\u00bb custom_margin=\u00a0\u00bb||10px||false|false\u00a0\u00bb global_colors_info=\u00a0\u00bb{}\u00a0\u00bb]<\/p>\n<p><a href=\"https:\/\/www.facebook.com\/profile.php?id=61573075749593\">Facebook<\/a><\/p>\n<p>[\/et_pb_text][\/et_pb_column][\/et_pb_row][\/et_pb_section]<\/p>\n","protected":false},"excerpt":{"rendered":"<p>Une h\u00e9riti\u00e8re de l&rsquo;art textile, passionn\u00e9e et cr\u00e9ative &nbsp; &nbsp; Issue d\u2019une lign\u00e9e de tisserands depuis six g\u00e9n\u00e9rations, Claire Brisard incarne \u00e0 la fois la m\u00e9moire et le renouveau d\u2019un [&hellip;]<\/p>\n","protected":false},"author":2,"featured_media":0,"parent":0,"menu_order":0,"comment_status":"closed","ping_status":"closed","template":"","meta":{"_et_pb_use_builder":"on","_et_pb_old_content":"","_et_gb_content_width":"","footnotes":""},"class_list":["post-161","page","type-page","status-publish","hentry"],"yoast_head":"<!-- This site is optimized with the Yoast SEO plugin v27.4 - https:\/\/yoast.com\/product\/yoast-seo-wordpress\/ -->\n<title>A propos - Le Fil de Mathilde<\/title>\n<meta name=\"description\" content=\"Le Point de Bayeux. Kits de Broderie au point de Bayeux. D\u00e9monstration et Ateliers. Stages. Apprendre le point de Point de Bayeux\" \/>\n<meta name=\"robots\" content=\"index, follow, max-snippet:-1, max-image-preview:large, max-video-preview:-1\" \/>\n<link rel=\"canonical\" href=\"https:\/\/lefildemathilde.fr\/index.php\/a-propos\/\" \/>\n<meta property=\"og:locale\" content=\"fr_FR\" \/>\n<meta property=\"og:type\" content=\"article\" \/>\n<meta property=\"og:title\" content=\"A propos - Le Fil de Mathilde\" \/>\n<meta property=\"og:description\" content=\"Le Point de Bayeux. Kits de Broderie au point de Bayeux. D\u00e9monstration et Ateliers. Stages. Apprendre le point de Point de Bayeux\" \/>\n<meta property=\"og:url\" content=\"https:\/\/lefildemathilde.fr\/index.php\/a-propos\/\" \/>\n<meta property=\"og:site_name\" content=\"Le Fil de Mathilde\" \/>\n<meta property=\"article:modified_time\" content=\"2025-11-26T18:07:58+00:00\" \/>\n<meta name=\"twitter:card\" content=\"summary_large_image\" \/>\n<meta name=\"twitter:label1\" content=\"Dur\u00e9e de lecture estim\u00e9e\" \/>\n\t<meta name=\"twitter:data1\" content=\"3 minutes\" \/>\n<script type=\"application\/ld+json\" class=\"yoast-schema-graph\">{\"@context\":\"https:\\\/\\\/schema.org\",\"@graph\":[{\"@type\":\"WebPage\",\"@id\":\"https:\\\/\\\/lefildemathilde.fr\\\/index.php\\\/a-propos\\\/\",\"url\":\"https:\\\/\\\/lefildemathilde.fr\\\/index.php\\\/a-propos\\\/\",\"name\":\"A propos - Le Fil de Mathilde\",\"isPartOf\":{\"@id\":\"https:\\\/\\\/lefildemathilde.fr\\\/#website\"},\"datePublished\":\"2025-05-15T09:05:46+00:00\",\"dateModified\":\"2025-11-26T18:07:58+00:00\",\"description\":\"Le Point de Bayeux. Kits de Broderie au point de Bayeux. D\u00e9monstration et Ateliers. Stages. Apprendre le point de Point de Bayeux\",\"breadcrumb\":{\"@id\":\"https:\\\/\\\/lefildemathilde.fr\\\/index.php\\\/a-propos\\\/#breadcrumb\"},\"inLanguage\":\"fr-FR\",\"potentialAction\":[{\"@type\":\"ReadAction\",\"target\":[\"https:\\\/\\\/lefildemathilde.fr\\\/index.php\\\/a-propos\\\/\"]}]},{\"@type\":\"BreadcrumbList\",\"@id\":\"https:\\\/\\\/lefildemathilde.fr\\\/index.php\\\/a-propos\\\/#breadcrumb\",\"itemListElement\":[{\"@type\":\"ListItem\",\"position\":1,\"name\":\"Accueil\",\"item\":\"https:\\\/\\\/lefildemathilde.fr\\\/\"},{\"@type\":\"ListItem\",\"position\":2,\"name\":\"A propos\"}]},{\"@type\":\"WebSite\",\"@id\":\"https:\\\/\\\/lefildemathilde.fr\\\/#website\",\"url\":\"https:\\\/\\\/lefildemathilde.fr\\\/\",\"name\":\"Le Fil de Mathilde\",\"description\":\"Kits de broderie au Point de Bayeux\",\"potentialAction\":[{\"@type\":\"SearchAction\",\"target\":{\"@type\":\"EntryPoint\",\"urlTemplate\":\"https:\\\/\\\/lefildemathilde.fr\\\/?s={search_term_string}\"},\"query-input\":{\"@type\":\"PropertyValueSpecification\",\"valueRequired\":true,\"valueName\":\"search_term_string\"}}],\"inLanguage\":\"fr-FR\"}]}<\/script>\n<!-- \/ Yoast SEO plugin. -->","yoast_head_json":{"title":"A propos - Le Fil de Mathilde","description":"Le Point de Bayeux. Kits de Broderie au point de Bayeux. D\u00e9monstration et Ateliers. Stages. Apprendre le point de Point de Bayeux","robots":{"index":"index","follow":"follow","max-snippet":"max-snippet:-1","max-image-preview":"max-image-preview:large","max-video-preview":"max-video-preview:-1"},"canonical":"https:\/\/lefildemathilde.fr\/index.php\/a-propos\/","og_locale":"fr_FR","og_type":"article","og_title":"A propos - Le Fil de Mathilde","og_description":"Le Point de Bayeux. Kits de Broderie au point de Bayeux. D\u00e9monstration et Ateliers. Stages. Apprendre le point de Point de Bayeux","og_url":"https:\/\/lefildemathilde.fr\/index.php\/a-propos\/","og_site_name":"Le Fil de Mathilde","article_modified_time":"2025-11-26T18:07:58+00:00","twitter_card":"summary_large_image","twitter_misc":{"Dur\u00e9e de lecture estim\u00e9e":"3 minutes"},"schema":{"@context":"https:\/\/schema.org","@graph":[{"@type":"WebPage","@id":"https:\/\/lefildemathilde.fr\/index.php\/a-propos\/","url":"https:\/\/lefildemathilde.fr\/index.php\/a-propos\/","name":"A propos - Le Fil de Mathilde","isPartOf":{"@id":"https:\/\/lefildemathilde.fr\/#website"},"datePublished":"2025-05-15T09:05:46+00:00","dateModified":"2025-11-26T18:07:58+00:00","description":"Le Point de Bayeux. Kits de Broderie au point de Bayeux. D\u00e9monstration et Ateliers. Stages. Apprendre le point de Point de Bayeux","breadcrumb":{"@id":"https:\/\/lefildemathilde.fr\/index.php\/a-propos\/#breadcrumb"},"inLanguage":"fr-FR","potentialAction":[{"@type":"ReadAction","target":["https:\/\/lefildemathilde.fr\/index.php\/a-propos\/"]}]},{"@type":"BreadcrumbList","@id":"https:\/\/lefildemathilde.fr\/index.php\/a-propos\/#breadcrumb","itemListElement":[{"@type":"ListItem","position":1,"name":"Accueil","item":"https:\/\/lefildemathilde.fr\/"},{"@type":"ListItem","position":2,"name":"A propos"}]},{"@type":"WebSite","@id":"https:\/\/lefildemathilde.fr\/#website","url":"https:\/\/lefildemathilde.fr\/","name":"Le Fil de Mathilde","description":"Kits de broderie au Point de Bayeux","potentialAction":[{"@type":"SearchAction","target":{"@type":"EntryPoint","urlTemplate":"https:\/\/lefildemathilde.fr\/?s={search_term_string}"},"query-input":{"@type":"PropertyValueSpecification","valueRequired":true,"valueName":"search_term_string"}}],"inLanguage":"fr-FR"}]}},"jetpack_sharing_enabled":true,"_links":{"self":[{"href":"https:\/\/lefildemathilde.fr\/index.php\/wp-json\/wp\/v2\/pages\/161","targetHints":{"allow":["GET"]}}],"collection":[{"href":"https:\/\/lefildemathilde.fr\/index.php\/wp-json\/wp\/v2\/pages"}],"about":[{"href":"https:\/\/lefildemathilde.fr\/index.php\/wp-json\/wp\/v2\/types\/page"}],"author":[{"embeddable":true,"href":"https:\/\/lefildemathilde.fr\/index.php\/wp-json\/wp\/v2\/users\/2"}],"replies":[{"embeddable":true,"href":"https:\/\/lefildemathilde.fr\/index.php\/wp-json\/wp\/v2\/comments?post=161"}],"version-history":[{"count":20,"href":"https:\/\/lefildemathilde.fr\/index.php\/wp-json\/wp\/v2\/pages\/161\/revisions"}],"predecessor-version":[{"id":3457,"href":"https:\/\/lefildemathilde.fr\/index.php\/wp-json\/wp\/v2\/pages\/161\/revisions\/3457"}],"wp:attachment":[{"href":"https:\/\/lefildemathilde.fr\/index.php\/wp-json\/wp\/v2\/media?parent=161"}],"curies":[{"name":"wp","href":"https:\/\/api.w.org\/{rel}","templated":true}]}}