{"id":2649,"date":"2025-09-24T13:53:01","date_gmt":"2025-09-24T13:53:01","guid":{"rendered":"https:\/\/lefildemathilde.fr\/?page_id=2649"},"modified":"2025-11-25T15:45:05","modified_gmt":"2025-11-25T15:45:05","slug":"laines-a-broder","status":"publish","type":"page","link":"https:\/\/lefildemathilde.fr\/index.php\/laines-a-broder\/","title":{"rendered":"Laines \u00e0 Broder"},"content":{"rendered":"<p>[et_pb_section fb_built=\u00a0\u00bb1&Prime; fullwidth=\u00a0\u00bbon\u00a0\u00bb _builder_version=\u00a0\u00bb4.27.4&Prime; _module_preset=\u00a0\u00bbdefault\u00a0\u00bb custom_padding=\u00a0\u00bb||0px|||\u00a0\u00bb global_colors_info=\u00a0\u00bb{}\u00a0\u00bb][et_pb_fullwidth_image src=\u00a0\u00bbhttps:\/\/lefildemathilde.fr\/wp-content\/uploads\/2025\/09\/Bandeau-Laine-H-200.jpg\u00a0\u00bb alt=\u00a0\u00bbtresse de Laine point de bayeux\u00a0\u00bb title_text=\u00a0\u00bbBandeau-Laine-H-200&Prime; _builder_version=\u00a0\u00bb4.27.4&Prime; _module_preset=\u00a0\u00bbdefault\u00a0\u00bb min_height=\u00a0\u00bb115.9px\u00a0\u00bb global_colors_info=\u00a0\u00bb{}\u00a0\u00bb][\/et_pb_fullwidth_image][\/et_pb_section][et_pb_section fb_built=\u00a0\u00bb1&Prime; _builder_version=\u00a0\u00bb4.27.4&Prime; _module_preset=\u00a0\u00bbdefault\u00a0\u00bb background_enable_image=\u00a0\u00bboff\u00a0\u00bb global_colors_info=\u00a0\u00bb{}\u00a0\u00bb][et_pb_row _builder_version=\u00a0\u00bb4.27.4&Prime; _module_preset=\u00a0\u00bbdefault\u00a0\u00bb custom_margin=\u00a0\u00bb-240px|auto||auto|false|false\u00a0\u00bb custom_margin_tablet=\u00a0\u00bb-146px||||false|false\u00a0\u00bb custom_margin_phone=\u00a0\u00bb-121px||||false|false\u00a0\u00bb custom_margin_last_edited=\u00a0\u00bbon|phone\u00a0\u00bb custom_padding=\u00a0\u00bb0px||0px|||\u00a0\u00bb global_colors_info=\u00a0\u00bb{}\u00a0\u00bb][et_pb_column type=\u00a0\u00bb4_4&Prime; _builder_version=\u00a0\u00bb4.27.4&Prime; _module_preset=\u00a0\u00bbdefault\u00a0\u00bb global_colors_info=\u00a0\u00bb{}\u00a0\u00bb][et_pb_image src=\u00a0\u00bbhttps:\/\/lefildemathilde.fr\/wp-content\/uploads\/2025\/09\/Titre-laines-a-broder.png\u00a0\u00bb alt=\u00a0\u00bbAccessoires \u00a0\u00bb title_text=\u00a0\u00bbTitre-laines-\u00e0-broder\u00a0\u00bb align=\u00a0\u00bbcenter\u00a0\u00bb _builder_version=\u00a0\u00bb4.27.4&Prime; _module_preset=\u00a0\u00bbdefault\u00a0\u00bb width=\u00a0\u00bb100%\u00a0\u00bb max_width=\u00a0\u00bb100%\u00a0\u00bb min_height=\u00a0\u00bb100px\u00a0\u00bb custom_padding=\u00a0\u00bb0px|||||\u00a0\u00bb global_colors_info=\u00a0\u00bb{}\u00a0\u00bb][\/et_pb_image][\/et_pb_column][\/et_pb_row][et_pb_row _builder_version=\u00a0\u00bb4.27.4&Prime; _module_preset=\u00a0\u00bbdefault\u00a0\u00bb width=\u00a0\u00bb75%\u00a0\u00bb max_width=\u00a0\u00bb2100px\u00a0\u00bb custom_margin=\u00a0\u00bb-53px||||false|false\u00a0\u00bb custom_margin_tablet=\u00a0\u00bb-53px||||false|false\u00a0\u00bb custom_margin_phone=\u00a0\u00bb-53px||||false|false\u00a0\u00bb custom_margin_last_edited=\u00a0\u00bbon|phone\u00a0\u00bb global_colors_info=\u00a0\u00bb{}\u00a0\u00bb][et_pb_column type=\u00a0\u00bb4_4&Prime; _builder_version=\u00a0\u00bb4.27.4&Prime; _module_preset=\u00a0\u00bbdefault\u00a0\u00bb global_colors_info=\u00a0\u00bb{}\u00a0\u00bb][et_pb_shop type=\u00a0\u00bbproduct_category\u00a0\u00bb posts_number=\u00a0\u00bb30&Prime; include_categories=\u00a0\u00bb22&Prime; columns_number=\u00a0\u00bb4&Prime; orderby=\u00a0\u00bbmenu_order\u00a0\u00bb _builder_version=\u00a0\u00bb4.27.4&Prime; _module_preset=\u00a0\u00bbdefault\u00a0\u00bb title_font_size=\u00a0\u00bb19px\u00a0\u00bb title_line_height=\u00a0\u00bb1.2em\u00a0\u00bb price_font=\u00a0\u00bb|700|||||||\u00a0\u00bb price_font_size=\u00a0\u00bb20px\u00a0\u00bb price_line_height=\u00a0\u00bb30px\u00a0\u00bb custom_margin=\u00a0\u00bb-40px||||false|false\u00a0\u00bb custom_margin_tablet=\u00a0\u00bb-40px||||false|false\u00a0\u00bb custom_margin_phone=\u00a0\u00bb-40px||||false|false\u00a0\u00bb custom_margin_last_edited=\u00a0\u00bbon|phone\u00a0\u00bb border_radii_image=\u00a0\u00bbon|8px|8px|8px|8px\u00a0\u00bb box_shadow_style_image=\u00a0\u00bbpreset2&Prime; global_colors_info=\u00a0\u00bb{}\u00a0\u00bb][\/et_pb_shop][\/et_pb_column][\/et_pb_row][\/et_pb_section][et_pb_section fb_built=\u00a0\u00bb1&Prime; admin_label=\u00a0\u00bbFooter\u00a0\u00bb _builder_version=\u00a0\u00bb4.27.4&Prime; _module_preset=\u00a0\u00bbdefault\u00a0\u00bb background_color=\u00a0\u00bbgcid-bfa7fe62-254b-41c2-9e7c-1655cf29ea48&Prime; saved_tabs=\u00a0\u00bball\u00a0\u00bb locked=\u00a0\u00bboff\u00a0\u00bb collapsed=\u00a0\u00bbon\u00a0\u00bb global_colors_info=\u00a0\u00bb{%22gcid-bfa7fe62-254b-41c2-9e7c-1655cf29ea48%22:%91%22background_color%22%93}\u00a0\u00bb][et_pb_row column_structure=\u00a0\u00bb1_5,1_5,1_5,1_5,1_5&Prime; _builder_version=\u00a0\u00bb4.27.4&Prime; _module_preset=\u00a0\u00bbdefault\u00a0\u00bb locked=\u00a0\u00bboff\u00a0\u00bb global_colors_info=\u00a0\u00bb{}\u00a0\u00bb][et_pb_column type=\u00a0\u00bb1_5&Prime; _builder_version=\u00a0\u00bb4.22.0&Prime; _module_preset=\u00a0\u00bbdefault\u00a0\u00bb global_colors_info=\u00a0\u00bb{}\u00a0\u00bb][et_pb_text _builder_version=\u00a0\u00bb4.27.4&Prime; _module_preset=\u00a0\u00bb30007d1b-33bd-470e-9304-a0132727cc64&Prime; header_5_text_color=\u00a0\u00bb#FFFFFF\u00a0\u00bb custom_margin=\u00a0\u00bb||10px||false|false\u00a0\u00bb global_colors_info=\u00a0\u00bb{}\u00a0\u00bb]<\/p>\n<h5>BOUTIQUE<\/h5>\n<p>[\/et_pb_text][et_pb_text _builder_version=\u00a0\u00bb4.27.4&Prime; _module_preset=\u00a0\u00bbef5c296e-cf9a-4127-8646-a5bd8a1ac73f\u00a0\u00bb text_text_color=\u00a0\u00bb#FFFFFF\u00a0\u00bb link_text_color=\u00a0\u00bb#FFFFFF\u00a0\u00bb custom_margin=\u00a0\u00bb||10px||false|false\u00a0\u00bb global_colors_info=\u00a0\u00bb{}\u00a0\u00bb]<\/p>\n<p><a href=\"https:\/\/lefildemathilde.fr\/index.php\/kits-tapisserie-de-bayeux\/\">Kits Tapisserie de Bayeux<\/a><\/p>\n<p>[\/et_pb_text][et_pb_text _builder_version=\u00a0\u00bb4.27.4&Prime; _module_preset=\u00a0\u00bbef5c296e-cf9a-4127-8646-a5bd8a1ac73f\u00a0\u00bb text_text_color=\u00a0\u00bb#FFFFFF\u00a0\u00bb link_text_color=\u00a0\u00bb#FFFFFF\u00a0\u00bb custom_margin=\u00a0\u00bb||10px||false|false\u00a0\u00bb global_colors_info=\u00a0\u00bb{}\u00a0\u00bb]<\/p>\n<p><a href=\"https:\/\/lefildemathilde.fr\/index.php\/kits-de-mathilde\/\">Kits de Mathilde<\/a><\/p>\n<p>[\/et_pb_text][et_pb_text _builder_version=\u00a0\u00bb4.27.4&Prime; _module_preset=\u00a0\u00bbef5c296e-cf9a-4127-8646-a5bd8a1ac73f\u00a0\u00bb text_text_color=\u00a0\u00bb#FFFFFF\u00a0\u00bb link_text_color=\u00a0\u00bb#FFFFFF\u00a0\u00bb custom_margin=\u00a0\u00bb||10px||false|false\u00a0\u00bb global_colors_info=\u00a0\u00bb{}\u00a0\u00bb]<\/p>\n<p><a href=\"https:\/\/lefildemathilde.fr\/index.php\/accessoires\/\">Accessoires<\/a><\/p>\n<p>[\/et_pb_text][\/et_pb_column][et_pb_column type=\u00a0\u00bb1_5&Prime; _builder_version=\u00a0\u00bb4.22.0&Prime; _module_preset=\u00a0\u00bbdefault\u00a0\u00bb global_colors_info=\u00a0\u00bb{}\u00a0\u00bb][et_pb_text _builder_version=\u00a0\u00bb4.27.4&Prime; _module_preset=\u00a0\u00bb30007d1b-33bd-470e-9304-a0132727cc64&Prime; header_5_text_color=\u00a0\u00bb#FFFFFF\u00a0\u00bb custom_margin=\u00a0\u00bb||10px||false|false\u00a0\u00bb locked=\u00a0\u00bboff\u00a0\u00bb global_colors_info=\u00a0\u00bb{}\u00a0\u00bb]<\/p>\n<h5>A NOTER<\/h5>\n<p>[\/et_pb_text][et_pb_text _builder_version=\u00a0\u00bb4.27.4&Prime; _module_preset=\u00a0\u00bbef5c296e-cf9a-4127-8646-a5bd8a1ac73f\u00a0\u00bb text_text_color=\u00a0\u00bb#FFFFFF\u00a0\u00bb link_text_color=\u00a0\u00bb#FFFFFF\u00a0\u00bb custom_margin=\u00a0\u00bb||10px||false|false\u00a0\u00bb locked=\u00a0\u00bboff\u00a0\u00bb global_colors_info=\u00a0\u00bb{}\u00a0\u00bb]<\/p>\n<p><a href=\"https:\/\/lefildemathilde.fr\/index.php\/stages-de-broderie-point-de-bayeux\/\">Stages de broderie<\/a><\/p>\n<p>[\/et_pb_text][et_pb_text _builder_version=\u00a0\u00bb4.27.4&Prime; _module_preset=\u00a0\u00bbef5c296e-cf9a-4127-8646-a5bd8a1ac73f\u00a0\u00bb text_text_color=\u00a0\u00bb#FFFFFF\u00a0\u00bb link_text_color=\u00a0\u00bb#FFFFFF\u00a0\u00bb custom_margin=\u00a0\u00bb||10px||false|false\u00a0\u00bb locked=\u00a0\u00bboff\u00a0\u00bb global_colors_info=\u00a0\u00bb{}\u00a0\u00bb]<\/p>\n<p><a href=\"https:\/\/lefildemathilde.fr\/index.php\/nos-prochains-rendez-vous\/\">Les rendez-vous du Fil de Mathilde<\/a><\/p>\n<p>[\/et_pb_text][\/et_pb_column][et_pb_column type=\u00a0\u00bb1_5&Prime; _builder_version=\u00a0\u00bb4.22.0&Prime; _module_preset=\u00a0\u00bbdefault\u00a0\u00bb global_colors_info=\u00a0\u00bb{}\u00a0\u00bb][et_pb_text _builder_version=\u00a0\u00bb4.27.4&Prime; _module_preset=\u00a0\u00bb30007d1b-33bd-470e-9304-a0132727cc64&Prime; header_5_text_color=\u00a0\u00bb#FFFFFF\u00a0\u00bb custom_margin=\u00a0\u00bb||10px||false|false\u00a0\u00bb locked=\u00a0\u00bboff\u00a0\u00bb global_colors_info=\u00a0\u00bb{}\u00a0\u00bb]<\/p>\n<h5>INFOS LEGALES<\/h5>\n<p>[\/et_pb_text][et_pb_text _builder_version=\u00a0\u00bb4.27.4&Prime; _module_preset=\u00a0\u00bbef5c296e-cf9a-4127-8646-a5bd8a1ac73f\u00a0\u00bb text_text_color=\u00a0\u00bb#FFFFFF\u00a0\u00bb link_text_color=\u00a0\u00bb#FFFFFF\u00a0\u00bb custom_margin=\u00a0\u00bb||10px||false|false\u00a0\u00bb locked=\u00a0\u00bboff\u00a0\u00bb global_colors_info=\u00a0\u00bb{}\u00a0\u00bb]<\/p>\n<p><a href=\"https:\/\/lefildemathilde.fr\/index.php\/a-propos\/\">Le Fil de Mathilde<\/a><\/p>\n<p>[\/et_pb_text][et_pb_text _builder_version=\u00a0\u00bb4.27.4&Prime; _module_preset=\u00a0\u00bbef5c296e-cf9a-4127-8646-a5bd8a1ac73f\u00a0\u00bb text_text_color=\u00a0\u00bb#FFFFFF\u00a0\u00bb link_text_color=\u00a0\u00bb#FFFFFF\u00a0\u00bb custom_margin=\u00a0\u00bb||10px||false|false\u00a0\u00bb locked=\u00a0\u00bboff\u00a0\u00bb global_colors_info=\u00a0\u00bb{}\u00a0\u00bb]<\/p>\n<p><a href=\"https:\/\/lefildemathilde.fr\/index.php\/mentions-legales\/\">Mentions l\u00e9gales<\/a><\/p>\n<p>[\/et_pb_text][et_pb_text _builder_version=\u00a0\u00bb4.27.4&Prime; _module_preset=\u00a0\u00bbef5c296e-cf9a-4127-8646-a5bd8a1ac73f\u00a0\u00bb text_text_color=\u00a0\u00bb#FFFFFF\u00a0\u00bb link_text_color=\u00a0\u00bb#FFFFFF\u00a0\u00bb custom_margin=\u00a0\u00bb||10px||false|false\u00a0\u00bb locked=\u00a0\u00bboff\u00a0\u00bb global_colors_info=\u00a0\u00bb{}\u00a0\u00bb]<\/p>\n<p><a href=\"https:\/\/lefildemathilde.fr\/index.php\/conditions-generales-des-ventes\/\">Conditions g\u00e9n\u00e9rales de vente<\/a><\/p>\n<p>[\/et_pb_text][\/et_pb_column][et_pb_column type=\u00a0\u00bb1_5&Prime; _builder_version=\u00a0\u00bb4.22.0&Prime; _module_preset=\u00a0\u00bbdefault\u00a0\u00bb global_colors_info=\u00a0\u00bb{}\u00a0\u00bb][et_pb_text _builder_version=\u00a0\u00bb4.27.4&Prime; _module_preset=\u00a0\u00bbdefault\u00a0\u00bb text_font=\u00a0\u00bb||||||||\u00a0\u00bb text_text_color=\u00a0\u00bb#FFFFFF\u00a0\u00bb text_font_size=\u00a0\u00bb20px\u00a0\u00bb global_colors_info=\u00a0\u00bb{}\u00a0\u00bb]<\/p>\n<p>LA BRODERIE PARTICIPATIVE<\/p>\n<p><span style=\"font-size: medium;\"><span style=\"color: #ffffff; font-size: small;\"><a href=\"https:\/\/lefildemathilde.fr\/index.php\/la-broderie-participative\/\" target=\"_blank\" rel=\"noopener\" style=\"color: #ffffff;\">Suivez l&rsquo;\u00e9volution de ce projet fou.<\/a><\/span><a href=\"https:\/\/www.instagram.com\/Le_Fil_de_Mathilde?fbclid=IwY2xjawMUFg1leHRuA2FlbQIxMAABHq_dyW-AeE_1-tHVJ9-eGs2dyNk986EN_SAAOgIBQGoRzSH0-5fPKy4G1MbW_aem_QA4q5W-n3UT1-4wp2qg8nA#\"><span style=\"color: #ffffff;\"><\/span><\/a><\/span><span style=\"font-size: medium; color: #ffffff;\"><\/span><\/p>\n<p>&nbsp;<\/p>\n<p>[\/et_pb_text][\/et_pb_column][et_pb_column type=\u00a0\u00bb1_5&Prime; _builder_version=\u00a0\u00bb4.22.0&Prime; _module_preset=\u00a0\u00bbdefault\u00a0\u00bb global_colors_info=\u00a0\u00bb{}\u00a0\u00bb][et_pb_text _builder_version=\u00a0\u00bb4.27.4&Prime; _module_preset=\u00a0\u00bb30007d1b-33bd-470e-9304-a0132727cc64&Prime; header_5_text_color=\u00a0\u00bb#FFFFFF\u00a0\u00bb custom_margin=\u00a0\u00bb||10px||false|false\u00a0\u00bb global_colors_info=\u00a0\u00bb{}\u00a0\u00bb]<\/p>\n<h5>SUIVEZ-NOUS<\/h5>\n<p>[\/et_pb_text][et_pb_text _builder_version=\u00a0\u00bb4.27.4&Prime; _module_preset=\u00a0\u00bbef5c296e-cf9a-4127-8646-a5bd8a1ac73f\u00a0\u00bb text_text_color=\u00a0\u00bb#FFFFFF\u00a0\u00bb link_text_color=\u00a0\u00bb#FFFFFF\u00a0\u00bb custom_margin=\u00a0\u00bb||10px||false|false\u00a0\u00bb global_colors_info=\u00a0\u00bb{}\u00a0\u00bb]<\/p>\n<p><a href=\"https:\/\/www.instagram.com\/le_fil_de_mathilde?igsh=MWNrMjc5anFheWUzZQ==\">Instagram<\/a><\/p>\n<p>[\/et_pb_text][et_pb_text _builder_version=\u00a0\u00bb4.27.4&Prime; _module_preset=\u00a0\u00bbef5c296e-cf9a-4127-8646-a5bd8a1ac73f\u00a0\u00bb text_text_color=\u00a0\u00bb#FFFFFF\u00a0\u00bb link_text_color=\u00a0\u00bb#FFFFFF\u00a0\u00bb custom_margin=\u00a0\u00bb||10px||false|false\u00a0\u00bb global_colors_info=\u00a0\u00bb{}\u00a0\u00bb]<\/p>\n<p><a href=\"https:\/\/www.facebook.com\/profile.php?id=61573075749593\">Facebook<\/a><\/p>\n<p>[\/et_pb_text][\/et_pb_column][\/et_pb_row][\/et_pb_section]<\/p>\n","protected":false},"excerpt":{"rendered":"<p>BOUTIQUEKits Tapisserie de BayeuxKits de MathildeAccessoiresA NOTERStages de broderieLes rendez-vous du Fil de MathildeINFOS LEGALESLe Fil de MathildeMentions l\u00e9galesConditions g\u00e9n\u00e9rales de venteLA BRODERIE PARTICIPATIVE Suivez l&rsquo;\u00e9volution de ce projet fou. [&hellip;]<\/p>\n","protected":false},"author":2,"featured_media":0,"parent":0,"menu_order":0,"comment_status":"closed","ping_status":"closed","template":"","meta":{"_et_pb_use_builder":"on","_et_pb_old_content":"","_et_gb_content_width":"","footnotes":""},"class_list":["post-2649","page","type-page","status-publish","hentry"],"yoast_head":"<!-- This site is optimized with the Yoast SEO plugin v27.4 - https:\/\/yoast.com\/product\/yoast-seo-wordpress\/ -->\n<title>Laines \u00e0 Broder - Le Fil de Mathilde<\/title>\n<meta name=\"description\" content=\"Laines \u00e0 broder de haute qualit\u00e9. Une gamme de couleurs sp\u00e9cialement cr\u00e9\u00e9e pour le Fil de Mathilde. 100 % laine\" \/>\n<meta name=\"robots\" content=\"index, follow, max-snippet:-1, max-image-preview:large, max-video-preview:-1\" \/>\n<link rel=\"canonical\" href=\"https:\/\/lefildemathilde.fr\/index.php\/laines-a-broder\/\" \/>\n<meta property=\"og:locale\" content=\"fr_FR\" \/>\n<meta property=\"og:type\" content=\"article\" \/>\n<meta property=\"og:title\" content=\"Laines \u00e0 Broder - Le Fil de Mathilde\" \/>\n<meta property=\"og:description\" content=\"Laines \u00e0 broder de haute qualit\u00e9. Une gamme de couleurs sp\u00e9cialement cr\u00e9\u00e9e pour le Fil de Mathilde. 100 % laine\" \/>\n<meta property=\"og:url\" content=\"https:\/\/lefildemathilde.fr\/index.php\/laines-a-broder\/\" \/>\n<meta property=\"og:site_name\" content=\"Le Fil de Mathilde\" \/>\n<meta property=\"article:modified_time\" content=\"2025-11-25T15:45:05+00:00\" \/>\n<meta name=\"twitter:card\" content=\"summary_large_image\" \/>\n<meta name=\"twitter:label1\" content=\"Dur\u00e9e de lecture estim\u00e9e\" \/>\n\t<meta name=\"twitter:data1\" content=\"3 minutes\" \/>\n<script type=\"application\/ld+json\" class=\"yoast-schema-graph\">{\"@context\":\"https:\\\/\\\/schema.org\",\"@graph\":[{\"@type\":\"WebPage\",\"@id\":\"https:\\\/\\\/lefildemathilde.fr\\\/index.php\\\/laines-a-broder\\\/\",\"url\":\"https:\\\/\\\/lefildemathilde.fr\\\/index.php\\\/laines-a-broder\\\/\",\"name\":\"Laines \u00e0 Broder - Le Fil de Mathilde\",\"isPartOf\":{\"@id\":\"https:\\\/\\\/lefildemathilde.fr\\\/#website\"},\"datePublished\":\"2025-09-24T13:53:01+00:00\",\"dateModified\":\"2025-11-25T15:45:05+00:00\",\"description\":\"Laines \u00e0 broder de haute qualit\u00e9. Une gamme de couleurs sp\u00e9cialement cr\u00e9\u00e9e pour le Fil de Mathilde. 100 % laine\",\"breadcrumb\":{\"@id\":\"https:\\\/\\\/lefildemathilde.fr\\\/index.php\\\/laines-a-broder\\\/#breadcrumb\"},\"inLanguage\":\"fr-FR\",\"potentialAction\":[{\"@type\":\"ReadAction\",\"target\":[\"https:\\\/\\\/lefildemathilde.fr\\\/index.php\\\/laines-a-broder\\\/\"]}]},{\"@type\":\"BreadcrumbList\",\"@id\":\"https:\\\/\\\/lefildemathilde.fr\\\/index.php\\\/laines-a-broder\\\/#breadcrumb\",\"itemListElement\":[{\"@type\":\"ListItem\",\"position\":1,\"name\":\"Accueil\",\"item\":\"https:\\\/\\\/lefildemathilde.fr\\\/\"},{\"@type\":\"ListItem\",\"position\":2,\"name\":\"Laines \u00e0 Broder\"}]},{\"@type\":\"WebSite\",\"@id\":\"https:\\\/\\\/lefildemathilde.fr\\\/#website\",\"url\":\"https:\\\/\\\/lefildemathilde.fr\\\/\",\"name\":\"Le Fil de Mathilde\",\"description\":\"Kits de broderie au Point de Bayeux\",\"potentialAction\":[{\"@type\":\"SearchAction\",\"target\":{\"@type\":\"EntryPoint\",\"urlTemplate\":\"https:\\\/\\\/lefildemathilde.fr\\\/?s={search_term_string}\"},\"query-input\":{\"@type\":\"PropertyValueSpecification\",\"valueRequired\":true,\"valueName\":\"search_term_string\"}}],\"inLanguage\":\"fr-FR\"}]}<\/script>\n<!-- \/ Yoast SEO plugin. -->","yoast_head_json":{"title":"Laines \u00e0 Broder - Le Fil de Mathilde","description":"Laines \u00e0 broder de haute qualit\u00e9. Une gamme de couleurs sp\u00e9cialement cr\u00e9\u00e9e pour le Fil de Mathilde. 100 % laine","robots":{"index":"index","follow":"follow","max-snippet":"max-snippet:-1","max-image-preview":"max-image-preview:large","max-video-preview":"max-video-preview:-1"},"canonical":"https:\/\/lefildemathilde.fr\/index.php\/laines-a-broder\/","og_locale":"fr_FR","og_type":"article","og_title":"Laines \u00e0 Broder - Le Fil de Mathilde","og_description":"Laines \u00e0 broder de haute qualit\u00e9. Une gamme de couleurs sp\u00e9cialement cr\u00e9\u00e9e pour le Fil de Mathilde. 100 % laine","og_url":"https:\/\/lefildemathilde.fr\/index.php\/laines-a-broder\/","og_site_name":"Le Fil de Mathilde","article_modified_time":"2025-11-25T15:45:05+00:00","twitter_card":"summary_large_image","twitter_misc":{"Dur\u00e9e de lecture estim\u00e9e":"3 minutes"},"schema":{"@context":"https:\/\/schema.org","@graph":[{"@type":"WebPage","@id":"https:\/\/lefildemathilde.fr\/index.php\/laines-a-broder\/","url":"https:\/\/lefildemathilde.fr\/index.php\/laines-a-broder\/","name":"Laines \u00e0 Broder - Le Fil de Mathilde","isPartOf":{"@id":"https:\/\/lefildemathilde.fr\/#website"},"datePublished":"2025-09-24T13:53:01+00:00","dateModified":"2025-11-25T15:45:05+00:00","description":"Laines \u00e0 broder de haute qualit\u00e9. Une gamme de couleurs sp\u00e9cialement cr\u00e9\u00e9e pour le Fil de Mathilde. 100 % laine","breadcrumb":{"@id":"https:\/\/lefildemathilde.fr\/index.php\/laines-a-broder\/#breadcrumb"},"inLanguage":"fr-FR","potentialAction":[{"@type":"ReadAction","target":["https:\/\/lefildemathilde.fr\/index.php\/laines-a-broder\/"]}]},{"@type":"BreadcrumbList","@id":"https:\/\/lefildemathilde.fr\/index.php\/laines-a-broder\/#breadcrumb","itemListElement":[{"@type":"ListItem","position":1,"name":"Accueil","item":"https:\/\/lefildemathilde.fr\/"},{"@type":"ListItem","position":2,"name":"Laines \u00e0 Broder"}]},{"@type":"WebSite","@id":"https:\/\/lefildemathilde.fr\/#website","url":"https:\/\/lefildemathilde.fr\/","name":"Le Fil de Mathilde","description":"Kits de broderie au Point de Bayeux","potentialAction":[{"@type":"SearchAction","target":{"@type":"EntryPoint","urlTemplate":"https:\/\/lefildemathilde.fr\/?s={search_term_string}"},"query-input":{"@type":"PropertyValueSpecification","valueRequired":true,"valueName":"search_term_string"}}],"inLanguage":"fr-FR"}]}},"jetpack_sharing_enabled":true,"_links":{"self":[{"href":"https:\/\/lefildemathilde.fr\/index.php\/wp-json\/wp\/v2\/pages\/2649","targetHints":{"allow":["GET"]}}],"collection":[{"href":"https:\/\/lefildemathilde.fr\/index.php\/wp-json\/wp\/v2\/pages"}],"about":[{"href":"https:\/\/lefildemathilde.fr\/index.php\/wp-json\/wp\/v2\/types\/page"}],"author":[{"embeddable":true,"href":"https:\/\/lefildemathilde.fr\/index.php\/wp-json\/wp\/v2\/users\/2"}],"replies":[{"embeddable":true,"href":"https:\/\/lefildemathilde.fr\/index.php\/wp-json\/wp\/v2\/comments?post=2649"}],"version-history":[{"count":11,"href":"https:\/\/lefildemathilde.fr\/index.php\/wp-json\/wp\/v2\/pages\/2649\/revisions"}],"predecessor-version":[{"id":3429,"href":"https:\/\/lefildemathilde.fr\/index.php\/wp-json\/wp\/v2\/pages\/2649\/revisions\/3429"}],"wp:attachment":[{"href":"https:\/\/lefildemathilde.fr\/index.php\/wp-json\/wp\/v2\/media?parent=2649"}],"curies":[{"name":"wp","href":"https:\/\/api.w.org\/{rel}","templated":true}]}}