{"id":3671,"date":"2026-03-13T16:21:54","date_gmt":"2026-03-13T16:21:54","guid":{"rendered":"https:\/\/lefildemathilde.fr\/?post_type=tribe_events&#038;p=3671"},"modified":"2026-03-13T16:23:31","modified_gmt":"2026-03-13T16:23:31","slug":"medievales-de-grestain","status":"publish","type":"tribe_events","link":"https:\/\/lefildemathilde.fr\/index.php\/event\/medievales-de-grestain\/","title":{"rendered":"M\u00e9di\u00e9vales de Grestain"},"content":{"rendered":"<h2 class=\"wp-block-heading alignwide has-text-align-center\">Plongez dans l\u2019\u00e9poque m\u00e9di\u00e9vale \u00e0 l\u2019Abbaye de Grestain<\/h2>\n<p class=\"has-text-align-center iris-appearance__content\">Les 15 et 16 ao\u00fbt 2026, vivez un v\u00e9ritable voyage dans le temps au c\u0153ur du site historique de l\u2019<a href=\"https:\/\/www.ot-honfleur.fr\/autour-de-honfleur\/le-patrimoine-remarquable\/abbaye-de-grestain\/\" target=\"_blank\" rel=\"noreferrer noopener\">Abbaye de Grestain<\/a>, entre reconstitutions, d\u00e9couvertes artisanales, musiques anciennes et gastronomie d\u2019inspiration m\u00e9di\u00e9vale.<\/p>\n<div class=\"wp-block-buttons is-content-justification-center is-layout-flex wp-container-core-buttons-is-layout-1 wp-block-buttons-is-layout-flex\"><\/div>\n","protected":false},"excerpt":{"rendered":"<p>Plongez dans l\u2019\u00e9poque m\u00e9di\u00e9vale \u00e0 l\u2019Abbaye de Grestain Les 15 et 16 ao\u00fbt 2026, vivez un v\u00e9ritable voyage dans le temps au c\u0153ur du site historique de l\u2019Abbaye de Grestain, [&hellip;]<\/p>\n","protected":false},"author":2,"featured_media":3672,"template":"","meta":{"_et_pb_use_builder":"","_et_pb_old_content":"","_et_gb_content_width":"","_tribe_events_status":"","_tribe_events_status_reason":"","footnotes":""},"tags":[],"tribe_events_cat":[376,403],"class_list":["post-3671","tribe_events","type-tribe_events","status-publish","has-post-thumbnail","hentry","tribe_events_cat-fete-medievale","tribe_events_cat-marche-artisanal","cat_fete-medievale","cat_marche-artisanal"],"yoast_head":"<!-- This site is optimized with the Yoast SEO plugin v27.4 - https:\/\/yoast.com\/product\/yoast-seo-wordpress\/ -->\n<title>M\u00e9di\u00e9vales de Grestain - Le Fil de Mathilde<\/title>\n<meta name=\"description\" content=\"Plongez dans l\u2019\u00e9poque m\u00e9di\u00e9vale \u00e0 l\u2019Abbaye de Grestain. Les 15 et 16 ao\u00fbt 2026, vivez un v\u00e9ritable voyage dans le temps au c\u0153ur du site historique de l\u2019Abbaye de Grestain, entre reconstitutions, d\u00e9couvertes artisanales, musiques anciennes et gastronomie d\u2019inspiration m\u00e9di\u00e9vale. Retrouvez Le Fil de Mathilde\" \/>\n<meta name=\"robots\" content=\"index, follow, max-snippet:-1, max-image-preview:large, max-video-preview:-1\" \/>\n<link rel=\"canonical\" href=\"https:\/\/lefildemathilde.fr\/index.php\/event\/medievales-de-grestain\/\" \/>\n<meta property=\"og:locale\" content=\"fr_FR\" \/>\n<meta property=\"og:type\" content=\"article\" \/>\n<meta property=\"og:title\" content=\"M\u00e9di\u00e9vales de Grestain - Le Fil de Mathilde\" \/>\n<meta property=\"og:description\" content=\"Plongez dans l\u2019\u00e9poque m\u00e9di\u00e9vale \u00e0 l\u2019Abbaye de Grestain. Les 15 et 16 ao\u00fbt 2026, vivez un v\u00e9ritable voyage dans le temps au c\u0153ur du site historique de l\u2019Abbaye de Grestain, entre reconstitutions, d\u00e9couvertes artisanales, musiques anciennes et gastronomie d\u2019inspiration m\u00e9di\u00e9vale. Retrouvez Le Fil de Mathilde\" \/>\n<meta property=\"og:url\" content=\"https:\/\/lefildemathilde.fr\/index.php\/event\/medievales-de-grestain\/\" \/>\n<meta property=\"og:site_name\" content=\"Le Fil de Mathilde\" \/>\n<meta property=\"article:modified_time\" content=\"2026-03-13T16:23:31+00:00\" \/>\n<meta property=\"og:image\" content=\"https:\/\/lefildemathilde.fr\/wp-content\/uploads\/2026\/03\/les-medievales-de-grestain-55-e1718272817524-530x0-1.webp\" \/>\n\t<meta property=\"og:image:width\" content=\"530\" \/>\n\t<meta property=\"og:image:height\" content=\"353\" \/>\n\t<meta property=\"og:image:type\" content=\"image\/webp\" \/>\n<meta name=\"twitter:card\" content=\"summary_large_image\" \/>\n<meta name=\"twitter:label1\" content=\"Dur\u00e9e de lecture estim\u00e9e\" \/>\n\t<meta name=\"twitter:data1\" content=\"1 minute\" \/>\n<script type=\"application\/ld+json\" class=\"yoast-schema-graph\">{\"@context\":\"https:\\\/\\\/schema.org\",\"@graph\":[{\"@type\":\"WebPage\",\"@id\":\"https:\\\/\\\/lefildemathilde.fr\\\/index.php\\\/event\\\/medievales-de-grestain\\\/\",\"url\":\"https:\\\/\\\/lefildemathilde.fr\\\/index.php\\\/event\\\/medievales-de-grestain\\\/\",\"name\":\"M\u00e9di\u00e9vales de Grestain - Le Fil de Mathilde\",\"isPartOf\":{\"@id\":\"https:\\\/\\\/lefildemathilde.fr\\\/#website\"},\"primaryImageOfPage\":{\"@id\":\"https:\\\/\\\/lefildemathilde.fr\\\/index.php\\\/event\\\/medievales-de-grestain\\\/#primaryimage\"},\"image\":{\"@id\":\"https:\\\/\\\/lefildemathilde.fr\\\/index.php\\\/event\\\/medievales-de-grestain\\\/#primaryimage\"},\"thumbnailUrl\":\"https:\\\/\\\/lefildemathilde.fr\\\/wp-content\\\/uploads\\\/2026\\\/03\\\/les-medievales-de-grestain-55-e1718272817524-530x0-1.webp\",\"datePublished\":\"2026-03-13T16:21:54+00:00\",\"dateModified\":\"2026-03-13T16:23:31+00:00\",\"description\":\"Plongez dans l\u2019\u00e9poque m\u00e9di\u00e9vale \u00e0 l\u2019Abbaye de Grestain. Les 15 et 16 ao\u00fbt 2026, vivez un v\u00e9ritable voyage dans le temps au c\u0153ur du site historique de l\u2019Abbaye de Grestain, entre reconstitutions, d\u00e9couvertes artisanales, musiques anciennes et gastronomie d\u2019inspiration m\u00e9di\u00e9vale. Retrouvez Le Fil de Mathilde\",\"breadcrumb\":{\"@id\":\"https:\\\/\\\/lefildemathilde.fr\\\/index.php\\\/event\\\/medievales-de-grestain\\\/#breadcrumb\"},\"inLanguage\":\"fr-FR\",\"potentialAction\":[{\"@type\":\"ReadAction\",\"target\":[\"https:\\\/\\\/lefildemathilde.fr\\\/index.php\\\/event\\\/medievales-de-grestain\\\/\"]}]},{\"@type\":\"ImageObject\",\"inLanguage\":\"fr-FR\",\"@id\":\"https:\\\/\\\/lefildemathilde.fr\\\/index.php\\\/event\\\/medievales-de-grestain\\\/#primaryimage\",\"url\":\"https:\\\/\\\/lefildemathilde.fr\\\/wp-content\\\/uploads\\\/2026\\\/03\\\/les-medievales-de-grestain-55-e1718272817524-530x0-1.webp\",\"contentUrl\":\"https:\\\/\\\/lefildemathilde.fr\\\/wp-content\\\/uploads\\\/2026\\\/03\\\/les-medievales-de-grestain-55-e1718272817524-530x0-1.webp\",\"width\":530,\"height\":353,\"caption\":\"M\u00e9di\u00e9vales de Grestain\"},{\"@type\":\"BreadcrumbList\",\"@id\":\"https:\\\/\\\/lefildemathilde.fr\\\/index.php\\\/event\\\/medievales-de-grestain\\\/#breadcrumb\",\"itemListElement\":[{\"@type\":\"ListItem\",\"position\":1,\"name\":\"Accueil\",\"item\":\"https:\\\/\\\/lefildemathilde.fr\\\/\"},{\"@type\":\"ListItem\",\"position\":2,\"name\":\"\u00c9v\u00e8nements\",\"item\":\"https:\\\/\\\/lefildemathilde.fr\\\/index.php\\\/events\\\/\"},{\"@type\":\"ListItem\",\"position\":3,\"name\":\"M\u00e9di\u00e9vales de Grestain\"}]},{\"@type\":\"WebSite\",\"@id\":\"https:\\\/\\\/lefildemathilde.fr\\\/#website\",\"url\":\"https:\\\/\\\/lefildemathilde.fr\\\/\",\"name\":\"Le Fil de Mathilde\",\"description\":\"Kits de broderie au Point de Bayeux\",\"potentialAction\":[{\"@type\":\"SearchAction\",\"target\":{\"@type\":\"EntryPoint\",\"urlTemplate\":\"https:\\\/\\\/lefildemathilde.fr\\\/?s={search_term_string}\"},\"query-input\":{\"@type\":\"PropertyValueSpecification\",\"valueRequired\":true,\"valueName\":\"search_term_string\"}}],\"inLanguage\":\"fr-FR\"}]}<\/script>\n<!-- \/ Yoast SEO plugin. -->","yoast_head_json":{"title":"M\u00e9di\u00e9vales de Grestain - Le Fil de Mathilde","description":"Plongez dans l\u2019\u00e9poque m\u00e9di\u00e9vale \u00e0 l\u2019Abbaye de Grestain. Les 15 et 16 ao\u00fbt 2026, vivez un v\u00e9ritable voyage dans le temps au c\u0153ur du site historique de l\u2019Abbaye de Grestain, entre reconstitutions, d\u00e9couvertes artisanales, musiques anciennes et gastronomie d\u2019inspiration m\u00e9di\u00e9vale. Retrouvez Le Fil de Mathilde","robots":{"index":"index","follow":"follow","max-snippet":"max-snippet:-1","max-image-preview":"max-image-preview:large","max-video-preview":"max-video-preview:-1"},"canonical":"https:\/\/lefildemathilde.fr\/index.php\/event\/medievales-de-grestain\/","og_locale":"fr_FR","og_type":"article","og_title":"M\u00e9di\u00e9vales de Grestain - Le Fil de Mathilde","og_description":"Plongez dans l\u2019\u00e9poque m\u00e9di\u00e9vale \u00e0 l\u2019Abbaye de Grestain. Les 15 et 16 ao\u00fbt 2026, vivez un v\u00e9ritable voyage dans le temps au c\u0153ur du site historique de l\u2019Abbaye de Grestain, entre reconstitutions, d\u00e9couvertes artisanales, musiques anciennes et gastronomie d\u2019inspiration m\u00e9di\u00e9vale. Retrouvez Le Fil de Mathilde","og_url":"https:\/\/lefildemathilde.fr\/index.php\/event\/medievales-de-grestain\/","og_site_name":"Le Fil de Mathilde","article_modified_time":"2026-03-13T16:23:31+00:00","og_image":[{"width":530,"height":353,"url":"https:\/\/lefildemathilde.fr\/wp-content\/uploads\/2026\/03\/les-medievales-de-grestain-55-e1718272817524-530x0-1.webp","type":"image\/webp"}],"twitter_card":"summary_large_image","twitter_misc":{"Dur\u00e9e de lecture estim\u00e9e":"1 minute"},"schema":{"@context":"https:\/\/schema.org","@graph":[{"@type":"WebPage","@id":"https:\/\/lefildemathilde.fr\/index.php\/event\/medievales-de-grestain\/","url":"https:\/\/lefildemathilde.fr\/index.php\/event\/medievales-de-grestain\/","name":"M\u00e9di\u00e9vales de Grestain - Le Fil de Mathilde","isPartOf":{"@id":"https:\/\/lefildemathilde.fr\/#website"},"primaryImageOfPage":{"@id":"https:\/\/lefildemathilde.fr\/index.php\/event\/medievales-de-grestain\/#primaryimage"},"image":{"@id":"https:\/\/lefildemathilde.fr\/index.php\/event\/medievales-de-grestain\/#primaryimage"},"thumbnailUrl":"https:\/\/lefildemathilde.fr\/wp-content\/uploads\/2026\/03\/les-medievales-de-grestain-55-e1718272817524-530x0-1.webp","datePublished":"2026-03-13T16:21:54+00:00","dateModified":"2026-03-13T16:23:31+00:00","description":"Plongez dans l\u2019\u00e9poque m\u00e9di\u00e9vale \u00e0 l\u2019Abbaye de Grestain. Les 15 et 16 ao\u00fbt 2026, vivez un v\u00e9ritable voyage dans le temps au c\u0153ur du site historique de l\u2019Abbaye de Grestain, entre reconstitutions, d\u00e9couvertes artisanales, musiques anciennes et gastronomie d\u2019inspiration m\u00e9di\u00e9vale. Retrouvez Le Fil de Mathilde","breadcrumb":{"@id":"https:\/\/lefildemathilde.fr\/index.php\/event\/medievales-de-grestain\/#breadcrumb"},"inLanguage":"fr-FR","potentialAction":[{"@type":"ReadAction","target":["https:\/\/lefildemathilde.fr\/index.php\/event\/medievales-de-grestain\/"]}]},{"@type":"ImageObject","inLanguage":"fr-FR","@id":"https:\/\/lefildemathilde.fr\/index.php\/event\/medievales-de-grestain\/#primaryimage","url":"https:\/\/lefildemathilde.fr\/wp-content\/uploads\/2026\/03\/les-medievales-de-grestain-55-e1718272817524-530x0-1.webp","contentUrl":"https:\/\/lefildemathilde.fr\/wp-content\/uploads\/2026\/03\/les-medievales-de-grestain-55-e1718272817524-530x0-1.webp","width":530,"height":353,"caption":"M\u00e9di\u00e9vales de Grestain"},{"@type":"BreadcrumbList","@id":"https:\/\/lefildemathilde.fr\/index.php\/event\/medievales-de-grestain\/#breadcrumb","itemListElement":[{"@type":"ListItem","position":1,"name":"Accueil","item":"https:\/\/lefildemathilde.fr\/"},{"@type":"ListItem","position":2,"name":"\u00c9v\u00e8nements","item":"https:\/\/lefildemathilde.fr\/index.php\/events\/"},{"@type":"ListItem","position":3,"name":"M\u00e9di\u00e9vales de Grestain"}]},{"@type":"WebSite","@id":"https:\/\/lefildemathilde.fr\/#website","url":"https:\/\/lefildemathilde.fr\/","name":"Le Fil de Mathilde","description":"Kits de broderie au Point de Bayeux","potentialAction":[{"@type":"SearchAction","target":{"@type":"EntryPoint","urlTemplate":"https:\/\/lefildemathilde.fr\/?s={search_term_string}"},"query-input":{"@type":"PropertyValueSpecification","valueRequired":true,"valueName":"search_term_string"}}],"inLanguage":"fr-FR"}]}},"jetpack_sharing_enabled":true,"_links":{"self":[{"href":"https:\/\/lefildemathilde.fr\/index.php\/wp-json\/wp\/v2\/tribe_events\/3671","targetHints":{"allow":["GET"]}}],"collection":[{"href":"https:\/\/lefildemathilde.fr\/index.php\/wp-json\/wp\/v2\/tribe_events"}],"about":[{"href":"https:\/\/lefildemathilde.fr\/index.php\/wp-json\/wp\/v2\/types\/tribe_events"}],"author":[{"embeddable":true,"href":"https:\/\/lefildemathilde.fr\/index.php\/wp-json\/wp\/v2\/users\/2"}],"version-history":[{"count":1,"href":"https:\/\/lefildemathilde.fr\/index.php\/wp-json\/wp\/v2\/tribe_events\/3671\/revisions"}],"predecessor-version":[{"id":3675,"href":"https:\/\/lefildemathilde.fr\/index.php\/wp-json\/wp\/v2\/tribe_events\/3671\/revisions\/3675"}],"wp:featuredmedia":[{"embeddable":true,"href":"https:\/\/lefildemathilde.fr\/index.php\/wp-json\/wp\/v2\/media\/3672"}],"wp:attachment":[{"href":"https:\/\/lefildemathilde.fr\/index.php\/wp-json\/wp\/v2\/media?parent=3671"}],"wp:term":[{"taxonomy":"post_tag","embeddable":true,"href":"https:\/\/lefildemathilde.fr\/index.php\/wp-json\/wp\/v2\/tags?post=3671"},{"taxonomy":"tribe_events_cat","embeddable":true,"href":"https:\/\/lefildemathilde.fr\/index.php\/wp-json\/wp\/v2\/tribe_events_cat?post=3671"}],"curies":[{"name":"wp","href":"https:\/\/api.w.org\/{rel}","templated":true}]}}