{"id":3920,"date":"2026-08-27T09:22:04","date_gmt":"2026-08-27T09:22:04","guid":{"rendered":"https:\/\/lefildemathilde.fr\/?post_type=tribe_events&#038;p=3920"},"modified":"2026-08-27T09:33:16","modified_gmt":"2026-08-27T09:33:16","slug":"la-saint-michel-marche-artisanal-medieval","status":"publish","type":"tribe_events","link":"https:\/\/lefildemathilde.fr\/index.php\/event\/la-saint-michel-marche-artisanal-medieval\/","title":{"rendered":"La Saint-Michel &#8211; March\u00e9 Artisanal M\u00e9di\u00e9val"},"content":{"rendered":"<p>Le temps d&rsquo;un week-end, laissez-vous transporter au temps de Guillaume le Conqu\u00e9rant, \u00e0 une p\u00e9riode de l&rsquo;ann\u00e9e importante alors dans la vie d&rsquo;un village : la fin des r\u00e9coltes !<\/p>\n<p>Le village f\u00eate en m\u00eame temps le Saint-Patron de la Normandie et des Normands : Saint-Michel !<\/p>\n<p>\u00c0 cette double occasion, un grand march\u00e9 artisanal vous accueille pour d\u00e9couvrir les activit\u00e9s et les techniques des artisans, ainsi que tout ce qui fait la vie d\u2019un village, gens d\u2019armes compris.<\/p>\n<p>Entre deux lancers de haches, vous pourrez vous restaurer et vous d\u00e9salt\u00e9rer ; les enfants pourront trouver un coin qui leur sera sp\u00e9cialement destin\u00e9 !<\/p>\n","protected":false},"excerpt":{"rendered":"<p>Le temps d&rsquo;un week-end, laissez-vous transporter au temps de Guillaume le Conqu\u00e9rant, \u00e0 une p\u00e9riode de l&rsquo;ann\u00e9e importante alors dans la vie d&rsquo;un village : la fin des r\u00e9coltes ! [&hellip;]<\/p>\n","protected":false},"author":2,"featured_media":3921,"template":"","meta":{"_et_pb_use_builder":"","_et_pb_old_content":"","_et_gb_content_width":"","_tribe_events_status":"","_tribe_events_status_reason":"","footnotes":""},"tags":[],"tribe_events_cat":[376,403,416],"class_list":["post-3920","tribe_events","type-tribe_events","status-publish","has-post-thumbnail","hentry","tribe_events_cat-fete-medievale","tribe_events_cat-marche-artisanal","tribe_events_cat-marche-medieval-artisanal","cat_fete-medievale","cat_marche-artisanal","cat_marche-medieval-artisanal"],"yoast_head":"<!-- This site is optimized with the Yoast SEO plugin v28.3 - https:\/\/yoast.com\/product\/yoast-seo-wordpress\/ -->\n<title>La Saint-Michel - March\u00e9 Artisanal M\u00e9di\u00e9val - Le Fil de Mathilde<\/title>\n<meta name=\"description\" content=\"Grand march\u00e9 m\u00e9di\u00e9val artisanal, de nombreux artisans avec des articles de qualit\u00e9\" \/>\n<meta name=\"robots\" content=\"index, follow, max-snippet:-1, max-image-preview:large, max-video-preview:-1\" \/>\n<link rel=\"canonical\" href=\"https:\/\/lefildemathilde.fr\/index.php\/event\/la-saint-michel-marche-artisanal-medieval\/\" \/>\n<meta property=\"og:locale\" content=\"fr_FR\" \/>\n<meta property=\"og:type\" content=\"article\" \/>\n<meta property=\"og:title\" content=\"La Saint-Michel - March\u00e9 Artisanal M\u00e9di\u00e9val - Le Fil de Mathilde\" \/>\n<meta property=\"og:description\" content=\"Grand march\u00e9 m\u00e9di\u00e9val artisanal, de nombreux artisans avec des articles de qualit\u00e9\" \/>\n<meta property=\"og:url\" content=\"https:\/\/lefildemathilde.fr\/index.php\/event\/la-saint-michel-marche-artisanal-medieval\/\" \/>\n<meta property=\"og:site_name\" content=\"Le Fil de Mathilde\" \/>\n<meta property=\"article:modified_time\" content=\"2026-08-27T09:33:16+00:00\" \/>\n<meta property=\"og:image\" content=\"https:\/\/lefildemathilde.fr\/wp-content\/uploads\/2026\/08\/IMG_6977.jpg\" \/>\n\t<meta property=\"og:image:width\" content=\"600\" \/>\n\t<meta property=\"og:image:height\" content=\"849\" \/>\n\t<meta property=\"og:image:type\" content=\"image\/jpeg\" \/>\n<meta name=\"twitter:card\" content=\"summary_large_image\" \/>\n<meta name=\"twitter:label1\" content=\"Dur\u00e9e de lecture estim\u00e9e\" \/>\n\t<meta name=\"twitter:data1\" content=\"1 minute\" \/>\n<script type=\"application\/ld+json\" class=\"yoast-schema-graph\">{\"@context\":\"https:\\\/\\\/schema.org\",\"@graph\":[{\"@type\":\"WebPage\",\"@id\":\"https:\\\/\\\/lefildemathilde.fr\\\/index.php\\\/event\\\/la-saint-michel-marche-artisanal-medieval\\\/\",\"url\":\"https:\\\/\\\/lefildemathilde.fr\\\/index.php\\\/event\\\/la-saint-michel-marche-artisanal-medieval\\\/\",\"name\":\"La Saint-Michel - March\u00e9 Artisanal M\u00e9di\u00e9val - Le Fil de Mathilde\",\"isPartOf\":{\"@id\":\"https:\\\/\\\/lefildemathilde.fr\\\/#website\"},\"primaryImageOfPage\":{\"@id\":\"https:\\\/\\\/lefildemathilde.fr\\\/index.php\\\/event\\\/la-saint-michel-marche-artisanal-medieval\\\/#primaryimage\"},\"image\":{\"@id\":\"https:\\\/\\\/lefildemathilde.fr\\\/index.php\\\/event\\\/la-saint-michel-marche-artisanal-medieval\\\/#primaryimage\"},\"thumbnailUrl\":\"https:\\\/\\\/lefildemathilde.fr\\\/wp-content\\\/uploads\\\/2026\\\/08\\\/IMG_6977.jpg\",\"datePublished\":\"2026-08-27T09:22:04+00:00\",\"dateModified\":\"2026-08-27T09:33:16+00:00\",\"description\":\"Grand march\u00e9 m\u00e9di\u00e9val artisanal, de nombreux artisans avec des articles de qualit\u00e9\",\"breadcrumb\":{\"@id\":\"https:\\\/\\\/lefildemathilde.fr\\\/index.php\\\/event\\\/la-saint-michel-marche-artisanal-medieval\\\/#breadcrumb\"},\"inLanguage\":\"fr-FR\",\"potentialAction\":[{\"@type\":\"ReadAction\",\"target\":[\"https:\\\/\\\/lefildemathilde.fr\\\/index.php\\\/event\\\/la-saint-michel-marche-artisanal-medieval\\\/\"]}]},{\"@type\":\"ImageObject\",\"inLanguage\":\"fr-FR\",\"@id\":\"https:\\\/\\\/lefildemathilde.fr\\\/index.php\\\/event\\\/la-saint-michel-marche-artisanal-medieval\\\/#primaryimage\",\"url\":\"https:\\\/\\\/lefildemathilde.fr\\\/wp-content\\\/uploads\\\/2026\\\/08\\\/IMG_6977.jpg\",\"contentUrl\":\"https:\\\/\\\/lefildemathilde.fr\\\/wp-content\\\/uploads\\\/2026\\\/08\\\/IMG_6977.jpg\",\"width\":600,\"height\":849,\"caption\":\"Affiche Saint Michel Domfront\"},{\"@type\":\"BreadcrumbList\",\"@id\":\"https:\\\/\\\/lefildemathilde.fr\\\/index.php\\\/event\\\/la-saint-michel-marche-artisanal-medieval\\\/#breadcrumb\",\"itemListElement\":[{\"@type\":\"ListItem\",\"position\":1,\"name\":\"Accueil\",\"item\":\"https:\\\/\\\/lefildemathilde.fr\\\/\"},{\"@type\":\"ListItem\",\"position\":2,\"name\":\"\u00c9v\u00e8nements\",\"item\":\"https:\\\/\\\/lefildemathilde.fr\\\/index.php\\\/events\\\/\"},{\"@type\":\"ListItem\",\"position\":3,\"name\":\"La Saint-Michel &#8211; March\u00e9 Artisanal M\u00e9di\u00e9val\"}]},{\"@type\":\"WebSite\",\"@id\":\"https:\\\/\\\/lefildemathilde.fr\\\/#website\",\"url\":\"https:\\\/\\\/lefildemathilde.fr\\\/\",\"name\":\"Le Fil de Mathilde\",\"description\":\"Kits de broderie au Point de Bayeux\",\"potentialAction\":[{\"@type\":\"SearchAction\",\"target\":{\"@type\":\"EntryPoint\",\"urlTemplate\":\"https:\\\/\\\/lefildemathilde.fr\\\/?s={search_term_string}\"},\"query-input\":{\"@type\":\"PropertyValueSpecification\",\"valueRequired\":true,\"valueName\":\"search_term_string\"}}],\"inLanguage\":\"fr-FR\"}]}<\/script>\n<!-- \/ Yoast SEO plugin. -->","yoast_head_json":{"title":"La Saint-Michel - March\u00e9 Artisanal M\u00e9di\u00e9val - Le Fil de Mathilde","description":"Grand march\u00e9 m\u00e9di\u00e9val artisanal, de nombreux artisans avec des articles de qualit\u00e9","robots":{"index":"index","follow":"follow","max-snippet":"max-snippet:-1","max-image-preview":"max-image-preview:large","max-video-preview":"max-video-preview:-1"},"canonical":"https:\/\/lefildemathilde.fr\/index.php\/event\/la-saint-michel-marche-artisanal-medieval\/","og_locale":"fr_FR","og_type":"article","og_title":"La Saint-Michel - March\u00e9 Artisanal M\u00e9di\u00e9val - Le Fil de Mathilde","og_description":"Grand march\u00e9 m\u00e9di\u00e9val artisanal, de nombreux artisans avec des articles de qualit\u00e9","og_url":"https:\/\/lefildemathilde.fr\/index.php\/event\/la-saint-michel-marche-artisanal-medieval\/","og_site_name":"Le Fil de Mathilde","article_modified_time":"2026-08-27T09:33:16+00:00","og_image":[{"width":600,"height":849,"url":"https:\/\/lefildemathilde.fr\/wp-content\/uploads\/2026\/08\/IMG_6977.jpg","type":"image\/jpeg"}],"twitter_card":"summary_large_image","twitter_misc":{"Dur\u00e9e de lecture estim\u00e9e":"1 minute"},"schema":{"@context":"https:\/\/schema.org","@graph":[{"@type":"WebPage","@id":"https:\/\/lefildemathilde.fr\/index.php\/event\/la-saint-michel-marche-artisanal-medieval\/","url":"https:\/\/lefildemathilde.fr\/index.php\/event\/la-saint-michel-marche-artisanal-medieval\/","name":"La Saint-Michel - March\u00e9 Artisanal M\u00e9di\u00e9val - Le Fil de Mathilde","isPartOf":{"@id":"https:\/\/lefildemathilde.fr\/#website"},"primaryImageOfPage":{"@id":"https:\/\/lefildemathilde.fr\/index.php\/event\/la-saint-michel-marche-artisanal-medieval\/#primaryimage"},"image":{"@id":"https:\/\/lefildemathilde.fr\/index.php\/event\/la-saint-michel-marche-artisanal-medieval\/#primaryimage"},"thumbnailUrl":"https:\/\/lefildemathilde.fr\/wp-content\/uploads\/2026\/08\/IMG_6977.jpg","datePublished":"2026-08-27T09:22:04+00:00","dateModified":"2026-08-27T09:33:16+00:00","description":"Grand march\u00e9 m\u00e9di\u00e9val artisanal, de nombreux artisans avec des articles de qualit\u00e9","breadcrumb":{"@id":"https:\/\/lefildemathilde.fr\/index.php\/event\/la-saint-michel-marche-artisanal-medieval\/#breadcrumb"},"inLanguage":"fr-FR","potentialAction":[{"@type":"ReadAction","target":["https:\/\/lefildemathilde.fr\/index.php\/event\/la-saint-michel-marche-artisanal-medieval\/"]}]},{"@type":"ImageObject","inLanguage":"fr-FR","@id":"https:\/\/lefildemathilde.fr\/index.php\/event\/la-saint-michel-marche-artisanal-medieval\/#primaryimage","url":"https:\/\/lefildemathilde.fr\/wp-content\/uploads\/2026\/08\/IMG_6977.jpg","contentUrl":"https:\/\/lefildemathilde.fr\/wp-content\/uploads\/2026\/08\/IMG_6977.jpg","width":600,"height":849,"caption":"Affiche Saint Michel Domfront"},{"@type":"BreadcrumbList","@id":"https:\/\/lefildemathilde.fr\/index.php\/event\/la-saint-michel-marche-artisanal-medieval\/#breadcrumb","itemListElement":[{"@type":"ListItem","position":1,"name":"Accueil","item":"https:\/\/lefildemathilde.fr\/"},{"@type":"ListItem","position":2,"name":"\u00c9v\u00e8nements","item":"https:\/\/lefildemathilde.fr\/index.php\/events\/"},{"@type":"ListItem","position":3,"name":"La Saint-Michel &#8211; March\u00e9 Artisanal M\u00e9di\u00e9val"}]},{"@type":"WebSite","@id":"https:\/\/lefildemathilde.fr\/#website","url":"https:\/\/lefildemathilde.fr\/","name":"Le Fil de Mathilde","description":"Kits de broderie au Point de Bayeux","potentialAction":[{"@type":"SearchAction","target":{"@type":"EntryPoint","urlTemplate":"https:\/\/lefildemathilde.fr\/?s={search_term_string}"},"query-input":{"@type":"PropertyValueSpecification","valueRequired":true,"valueName":"search_term_string"}}],"inLanguage":"fr-FR"}]}},"_links":{"self":[{"href":"https:\/\/lefildemathilde.fr\/index.php\/wp-json\/wp\/v2\/tribe_events\/3920","targetHints":{"allow":["GET"]}}],"collection":[{"href":"https:\/\/lefildemathilde.fr\/index.php\/wp-json\/wp\/v2\/tribe_events"}],"about":[{"href":"https:\/\/lefildemathilde.fr\/index.php\/wp-json\/wp\/v2\/types\/tribe_events"}],"author":[{"embeddable":true,"href":"https:\/\/lefildemathilde.fr\/index.php\/wp-json\/wp\/v2\/users\/2"}],"version-history":[{"count":3,"href":"https:\/\/lefildemathilde.fr\/index.php\/wp-json\/wp\/v2\/tribe_events\/3920\/revisions"}],"predecessor-version":[{"id":3927,"href":"https:\/\/lefildemathilde.fr\/index.php\/wp-json\/wp\/v2\/tribe_events\/3920\/revisions\/3927"}],"wp:featuredmedia":[{"embeddable":true,"href":"https:\/\/lefildemathilde.fr\/index.php\/wp-json\/wp\/v2\/media\/3921"}],"wp:attachment":[{"href":"https:\/\/lefildemathilde.fr\/index.php\/wp-json\/wp\/v2\/media?parent=3920"}],"wp:term":[{"taxonomy":"post_tag","embeddable":true,"href":"https:\/\/lefildemathilde.fr\/index.php\/wp-json\/wp\/v2\/tags?post=3920"},{"taxonomy":"tribe_events_cat","embeddable":true,"href":"https:\/\/lefildemathilde.fr\/index.php\/wp-json\/wp\/v2\/tribe_events_cat?post=3920"}],"curies":[{"name":"wp","href":"https:\/\/api.w.org\/{rel}","templated":true}]}}